{"id":10,"date":"2018-12-27T05:04:37","date_gmt":"2018-12-27T05:04:37","guid":{"rendered":"http:\/\/localhost\/projects\/wp\/exhibz\/?page_id=10"},"modified":"2022-12-01T09:29:51","modified_gmt":"2022-12-01T08:29:51","slug":"home-1","status":"publish","type":"page","link":"https:\/\/he-bab03.ebau.at\/baufachkongress\/","title":{"rendered":"Startseite"},"content":{"rendered":"\t\t<div data-elementor-type=\"wp-post\" data-elementor-id=\"10\" class=\"elementor elementor-10\">\n\t\t\t\t\t\t<div class=\"elementor-inner\">\n\t\t\t\t<div class=\"elementor-section-wrap\">\n\t\t\t\t\t\t\t\t\t<section class=\"elementor-section elementor-top-section elementor-element elementor-element-74b4374 elementor-section-boxed elementor-section-height-default elementor-section-height-default\" data-id=\"74b4374\" data-element_type=\"section\" data-settings=\"{&quot;background_background&quot;:&quot;classic&quot;}\">\n\t\t\t\t\t\t\t<div class=\"elementor-background-overlay\"><\/div>\n\t\t\t\t\t\t\t<div class=\"elementor-container elementor-column-gap-default\">\n\t\t\t\t\t\t\t<div class=\"elementor-row\">\n\t\t\t\t\t<div class=\"elementor-column elementor-col-100 elementor-top-column elementor-element elementor-element-d8ef783\" data-id=\"d8ef783\" data-element_type=\"column\">\n\t\t\t<div class=\"elementor-column-wrap elementor-element-populated\">\n\t\t\t\t\t\t\t<div class=\"elementor-widget-wrap\">\n\t\t\t\t\t\t<div class=\"elementor-element elementor-element-cba9f61 elementor-invisible elementor-widget elementor-widget-heading\" data-id=\"cba9f61\" data-element_type=\"widget\" data-settings=\"{&quot;_animation&quot;:&quot;fadeInUp&quot;,&quot;_animation_delay&quot;:300,&quot;ekit_we_effect_on&quot;:&quot;none&quot;}\" data-widget_type=\"heading.default\">\n\t\t\t\t<div class=\"elementor-widget-container\">\n\t\t\t<h4 class=\"elementor-heading-title elementor-size-default\">17.01 - 19.01.2024 | Oberstdorf<\/h4>\t\t<\/div>\n\t\t\t\t<\/div>\n\t\t\t\t<div class=\"elementor-element elementor-element-f224f45 elementor-invisible elementor-widget elementor-widget-heading\" data-id=\"f224f45\" data-element_type=\"widget\" data-settings=\"{&quot;_animation&quot;:&quot;fadeInUp&quot;,&quot;_animation_delay&quot;:300,&quot;ekit_we_effect_on&quot;:&quot;none&quot;}\" data-widget_type=\"heading.default\">\n\t\t\t\t<div class=\"elementor-widget-container\">\n\t\t\t<h5 class=\"elementor-heading-title elementor-size-default\">Ausweichtermin: 13.03. - 15.03.2024<\/h5>\t\t<\/div>\n\t\t\t\t<\/div>\n\t\t\t\t<div class=\"elementor-element elementor-element-840e79c elementor-align-center elementor-hidden-mobile elementor-invisible elementor-widget elementor-widget-button\" data-id=\"840e79c\" data-element_type=\"widget\" data-settings=\"{&quot;_animation&quot;:&quot;fadeInLeft&quot;,&quot;_animation_delay&quot;:350,&quot;ekit_we_effect_on&quot;:&quot;none&quot;}\" data-widget_type=\"button.default\">\n\t\t\t\t<div class=\"elementor-widget-container\">\n\t\t\t\t\t<div class=\"elementor-button-wrapper\">\n\t\t\t<a class=\"elementor-button elementor-size-md\" role=\"button\">\n\t\t\t\t\t\t<span class=\"elementor-button-content-wrapper\">\n\t\t\t\t\t\t<span class=\"elementor-button-text\">SAVE<br>THE DATE<\/span>\n\t\t<\/span>\n\t\t\t\t\t<\/a>\n\t\t<\/div>\n\t\t\t\t<\/div>\n\t\t\t\t<\/div>\n\t\t\t\t<div class=\"elementor-element elementor-element-b1ab1d0 elementor-invisible elementor-widget elementor-widget-heading\" data-id=\"b1ab1d0\" data-element_type=\"widget\" data-settings=\"{&quot;_animation&quot;:&quot;fadeInUp&quot;,&quot;_animation_delay&quot;:350,&quot;ekit_we_effect_on&quot;:&quot;none&quot;}\" data-widget_type=\"heading.default\">\n\t\t\t\t<div class=\"elementor-widget-container\">\n\t\t\t<h1 class=\"elementor-heading-title elementor-size-default\">ALLG\u00c4UER BAUFACHKONGRESS<\/h1>\t\t<\/div>\n\t\t\t\t<\/div>\n\t\t\t\t<div class=\"elementor-element elementor-element-b344439 elementor-invisible elementor-widget elementor-widget-exhibz-countdown\" data-id=\"b344439\" data-element_type=\"widget\" data-settings=\"{&quot;_animation&quot;:&quot;fadeInUp&quot;,&quot;_animation_delay&quot;:400,&quot;ekit_we_effect_on&quot;:&quot;none&quot;}\" data-widget_type=\"exhibz-countdown.default\">\n\t\t\t\t<div class=\"elementor-widget-container\">\n\t\t\t    \n     <div data-start-date=\"17 Jan 2024 08:00:00\" class=\"countdown etn-countdown-wrap fadeInUp\" data-wow-duration=\"1.5s\" data-wow-delay=\"800ms\">\n        <div class=\"counter-item\">\n            <i class=\"day-circle icon icon-ring-1Asset-1\"><\/i>\n            <span class=\"day-count days countdown-number\">00<\/span>\n            <div class=\"smalltext\">Days<\/div>\n        <\/div>\n        <div class=\"counter-item\">\n            <i class=\"hr-circle icon icon-ring-4Asset-3\"><\/i>\n            <span class=\"hr-count hours countdown-number\">00<\/span>\n            <div class=\"smalltext\">Hours<\/div>\n        <\/div>\n        <div class=\"counter-item\">\n            <i class=\"min-circle icon icon-ring-3Asset-2\"><\/i>\n            <span class=\"min-count minutes countdown-number\">00<\/span>\n            <div class=\"smalltext\">Minutes<\/div>\n        <\/div>\n        <div class=\"counter-item\">\n            <i class=\"sec-circle icon icon-ring-4Asset-3\"><\/i>\n            <span class=\"sec-count seconds countdown-number\">00<\/span>\n            <div class=\"smalltext\">Seconds<\/div>\n        <\/div>\n    <\/div>\n      \n\n    \t\t<\/div>\n\t\t\t\t<\/div>\n\t\t\t\t\t\t<\/div>\n\t\t\t\t\t<\/div>\n\t\t<\/div>\n\t\t\t\t\t\t\t\t<\/div>\n\t\t\t\t\t<\/div>\n\t\t<\/section>\n\t\t\t\t<section class=\"elementor-section elementor-top-section elementor-element elementor-element-c701876 elementor-section-boxed elementor-section-height-default elementor-section-height-default elementor-invisible\" data-id=\"c701876\" data-element_type=\"section\" data-settings=\"{&quot;background_background&quot;:&quot;classic&quot;,&quot;animation&quot;:&quot;slideInUp&quot;,&quot;animation_delay&quot;:350}\">\n\t\t\t\t\t\t<div class=\"elementor-container elementor-column-gap-default\">\n\t\t\t\t\t\t\t<div class=\"elementor-row\">\n\t\t\t\t\t<div class=\"elementor-column elementor-col-50 elementor-top-column elementor-element elementor-element-41e946f elementor-invisible\" data-id=\"41e946f\" data-element_type=\"column\" data-settings=\"{&quot;animation&quot;:&quot;fadeInLeft&quot;,&quot;animation_delay&quot;:350}\">\n\t\t\t<div class=\"elementor-column-wrap elementor-element-populated\">\n\t\t\t\t\t\t\t<div class=\"elementor-widget-wrap\">\n\t\t\t\t\t\t<div class=\"elementor-element elementor-element-2b28455 elementor-widget elementor-widget-exhibz-title\" data-id=\"2b28455\" data-element_type=\"widget\" data-settings=\"{&quot;ekit_we_effect_on&quot;:&quot;none&quot;}\" data-widget_type=\"exhibz-title.default\">\n\t\t\t\t<div class=\"elementor-widget-container\">\n\t\t\t\n    <div class=\"title-section-area\">\n        <h2 class=\"section-title\">\n            <span class=\"sub-title\">Teilnahme<\/span>\n\t\t\tWieso Sie teilnehmen sollten        <\/h2>\n\t\t                    <span class=\"title-shape\">\n                  <svg xmlns='http:\/\/www.w3.org\/2000\/svg' xmlns:xlink='http:\/\/www.w3.org\/1999\/xlink' width='71px' height='11px'> <path fill-rule='evenodd' d='M59.669,10.710 L49.164,3.306 L39.428,10.681 L29.714,3.322 L20.006,10.682 L10.295,3.322 L1.185,10.228 L-0.010,8.578 L10.295,0.765 L20.006,8.125 L29.714,0.765 L39.428,8.125 L49.122,0.781 L59.680,8.223 L69.858,1.192 L70.982,2.895 L59.669,10.710 Z'\/><\/svg>\n            <\/span>\n                    <\/div><!-- Section title -->\n    \n    \n\n    \t\t<\/div>\n\t\t\t\t<\/div>\n\t\t\t\t<div class=\"elementor-element elementor-element-bcadc1a elementor-widget elementor-widget-text-editor\" data-id=\"bcadc1a\" data-element_type=\"widget\" data-settings=\"{&quot;ekit_we_effect_on&quot;:&quot;none&quot;}\" data-widget_type=\"text-editor.default\">\n\t\t\t\t<div class=\"elementor-widget-container\">\n\t\t\t\t\t\t\t\t<div class=\"elementor-text-editor elementor-clearfix\">\n\t\t\t\t<p>Nachdem wir den Baufachkongress im Januar 2022 leider absagen musste, freuen wir uns umso mehr, dass wir den <strong>15. Baufachkongress vom 17.01. &#8211; 19.01.2024<\/strong> nun voller Elan planen k\u00f6nnen.<\/p><p>Um auf der sicheren Seite zu sein, haben wir neben dem priorisierten Januar-Termin einen Ausweichtermin im M\u00e4rz (13. &#8211; 15.03.2024) vorgesehen.<\/p>\t\t\t\t\t<\/div>\n\t\t\t\t\t\t<\/div>\n\t\t\t\t<\/div>\n\t\t\t\t\t\t<\/div>\n\t\t\t\t\t<\/div>\n\t\t<\/div>\n\t\t\t\t<div class=\"elementor-column elementor-col-50 elementor-top-column elementor-element elementor-element-9f69302 elementor-invisible\" data-id=\"9f69302\" data-element_type=\"column\" data-settings=\"{&quot;animation&quot;:&quot;fadeInRight&quot;,&quot;animation_delay&quot;:400}\">\n\t\t\t<div class=\"elementor-column-wrap elementor-element-populated\">\n\t\t\t\t\t\t\t<div class=\"elementor-widget-wrap\">\n\t\t\t\t\t\t<div class=\"elementor-element elementor-element-cf09f6d elementor-widget elementor-widget-menu-anchor\" data-id=\"cf09f6d\" data-element_type=\"widget\" data-settings=\"{&quot;ekit_we_effect_on&quot;:&quot;none&quot;}\" data-widget_type=\"menu-anchor.default\">\n\t\t\t\t<div class=\"elementor-widget-container\">\n\t\t\t\t\t<div id=\"teilnahme\" class=\"elementor-menu-anchor\"><\/div>\n\t\t\t\t<\/div>\n\t\t\t\t<\/div>\n\t\t\t\t<section class=\"elementor-section elementor-inner-section elementor-element elementor-element-2013f71 elementor-section-boxed elementor-section-height-default elementor-section-height-default\" data-id=\"2013f71\" data-element_type=\"section\">\n\t\t\t\t\t\t<div class=\"elementor-container elementor-column-gap-default\">\n\t\t\t\t\t\t\t<div class=\"elementor-row\">\n\t\t\t\t\t<div class=\"elementor-column elementor-col-50 elementor-inner-column elementor-element elementor-element-b25ce21\" data-id=\"b25ce21\" data-element_type=\"column\" data-settings=\"{&quot;background_background&quot;:&quot;classic&quot;}\">\n\t\t\t<div class=\"elementor-column-wrap elementor-element-populated\">\n\t\t\t\t\t\t\t<div class=\"elementor-widget-wrap\">\n\t\t\t\t\t\t<div class=\"elementor-element elementor-element-fd85a8d elementor-widget elementor-widget-exhibz-feature\" data-id=\"fd85a8d\" data-element_type=\"widget\" data-settings=\"{&quot;ekit_we_effect_on&quot;:&quot;none&quot;}\" data-widget_type=\"exhibz-feature.default\">\n\t\t\t\t<div class=\"elementor-widget-container\">\n\t\t\t \n    \t\t<div class=\"single-intro-text mb-70\">\n\t\t\t<i class=\"icon icon-team\"><\/i>\n\t\t\t<h3 class=\"ts-title\">Networking<\/h3>\n\t\t\t<p>\n\t\t     \tDer Baufachkongress lebt durch das pers\u00f6nliche Treffen und Austauschen, durch das Netzwerken vor Ort \u2013 neben fachlicher Weiterbildung \u2013 der essenzielle Faktor der Veranstaltung.\t\t\t<\/p>\n\t\t\t<span class=\"count-number\">1<\/span>\n\t\t<\/div><!-- single intro text end-->\n    \n    \n\t\n\t\n\t \n\n    \n    \t\t<\/div>\n\t\t\t\t<\/div>\n\t\t\t\t<div class=\"elementor-element elementor-element-aa40d3c elementor-widget elementor-widget-exhibz-feature\" data-id=\"aa40d3c\" data-element_type=\"widget\" data-settings=\"{&quot;ekit_we_effect_on&quot;:&quot;none&quot;}\" data-widget_type=\"exhibz-feature.default\">\n\t\t\t\t<div class=\"elementor-widget-container\">\n\t\t\t \n    \t\t<div class=\"single-intro-text mb-70\">\n\t\t\t<i class=\"icon icon-building\"><\/i>\n\t\t\t<h3 class=\"ts-title\">Baupraxis<\/h3>\n\t\t\t<p>\n\t\t     \tIm Rahmen der Baupraxis konzentrieren wir uns auf neueste Produkt-Entwicklungen, Recht und Normen und lassen anschaulich erl\u00e4utern, wie wir im digitalen Zeitalter leben und arbeiten. \t\t\t<\/p>\n\t\t\t<span class=\"count-number\">3<\/span>\n\t\t<\/div><!-- single intro text end-->\n    \n    \n\t\n\t\n\t \n\n    \n    \t\t<\/div>\n\t\t\t\t<\/div>\n\t\t\t\t\t\t<\/div>\n\t\t\t\t\t<\/div>\n\t\t<\/div>\n\t\t\t\t<div class=\"elementor-column elementor-col-50 elementor-inner-column elementor-element elementor-element-91fa378 elementor-hidden-tablet elementor-hidden-mobile\" data-id=\"91fa378\" data-element_type=\"column\">\n\t\t\t<div class=\"elementor-column-wrap elementor-element-populated\">\n\t\t\t\t\t\t\t<div class=\"elementor-widget-wrap\">\n\t\t\t\t\t\t<div class=\"elementor-element elementor-element-9348095 elementor-widget elementor-widget-exhibz-feature\" data-id=\"9348095\" data-element_type=\"widget\" data-settings=\"{&quot;ekit_we_effect_on&quot;:&quot;none&quot;}\" data-widget_type=\"exhibz-feature.default\">\n\t\t\t\t<div class=\"elementor-widget-container\">\n\t\t\t \n    \t\t<div class=\"single-intro-text mb-70\">\n\t\t\t<i class=\"icon icon-speaker\"><\/i>\n\t\t\t<h3 class=\"ts-title\">50 Referenten<\/h3>\n\t\t\t<p>\n\t\t     \tSie werden aktuelle Inhalte und Fakten zur Baukonjunktur vermitteln und geben Impulse f\u00fcr zuk\u00fcnftige Wohnkonzepte. Zudem zeigen sie M\u00f6glichkeiten auf, selbst in Sachen Klimaschutz und Energiewende, Nachhaltigkeit und Kreislaufwirtschaft aktiv zu werden. \t\t\t<\/p>\n\t\t\t<span class=\"count-number\">2<\/span>\n\t\t<\/div><!-- single intro text end-->\n    \n    \n\t\n\t\n\t \n\n    \n    \t\t<\/div>\n\t\t\t\t<\/div>\n\t\t\t\t<div class=\"elementor-element elementor-element-92fd812 elementor-widget elementor-widget-exhibz-feature\" data-id=\"92fd812\" data-element_type=\"widget\" data-settings=\"{&quot;ekit_we_effect_on&quot;:&quot;none&quot;}\" data-widget_type=\"exhibz-feature.default\">\n\t\t\t\t<div class=\"elementor-widget-container\">\n\t\t\t \n    \t\t<div class=\"single-intro-text mb-70\">\n\t\t\t<i class=\"icon icon-open-book\"><\/i>\n\t\t\t<h3 class=\"ts-title\">Vortr\u00e4ge &amp; Anwendungsbeispiele<\/h3>\n\t\t\t<p>\n\t\t     \tFachvortr\u00e4ge, Diskussionen und praktische Anwendungsbeispiele aus dem Bauhandwerk und aller Randgebiete, rundeten das Programm ab.\t\t\t<\/p>\n\t\t\t<span class=\"count-number\">4<\/span>\n\t\t<\/div><!-- single intro text end-->\n    \n    \n\t\n\t\n\t \n\n    \n    \t\t<\/div>\n\t\t\t\t<\/div>\n\t\t\t\t\t\t<\/div>\n\t\t\t\t\t<\/div>\n\t\t<\/div>\n\t\t\t\t\t\t\t\t<\/div>\n\t\t\t\t\t<\/div>\n\t\t<\/section>\n\t\t\t\t\t\t<\/div>\n\t\t\t\t\t<\/div>\n\t\t<\/div>\n\t\t\t\t\t\t\t\t<\/div>\n\t\t\t\t\t<\/div>\n\t\t<\/section>\n\t\t\t\t<section class=\"elementor-section elementor-top-section elementor-element elementor-element-cd2b7bf elementor-section-boxed elementor-section-height-default elementor-section-height-default elementor-invisible\" data-id=\"cd2b7bf\" data-element_type=\"section\" data-settings=\"{&quot;animation&quot;:&quot;slideInUp&quot;,&quot;animation_delay&quot;:350}\">\n\t\t\t\t\t\t<div class=\"elementor-container elementor-column-gap-default\">\n\t\t\t\t\t\t\t<div class=\"elementor-row\">\n\t\t\t\t\t<div class=\"elementor-column elementor-col-100 elementor-top-column elementor-element elementor-element-a120daa\" data-id=\"a120daa\" data-element_type=\"column\" data-settings=\"{&quot;background_background&quot;:&quot;classic&quot;}\">\n\t\t\t<div class=\"elementor-column-wrap elementor-element-populated\">\n\t\t\t\t\t\t\t<div class=\"elementor-widget-wrap\">\n\t\t\t\t\t\t<div class=\"elementor-element elementor-element-c230ce7 elementor-widget elementor-widget-menu-anchor\" data-id=\"c230ce7\" data-element_type=\"widget\" data-settings=\"{&quot;ekit_we_effect_on&quot;:&quot;none&quot;}\" data-widget_type=\"menu-anchor.default\">\n\t\t\t\t<div class=\"elementor-widget-container\">\n\t\t\t\t\t<div id=\"programm\" class=\"elementor-menu-anchor\"><\/div>\n\t\t\t\t<\/div>\n\t\t\t\t<\/div>\n\t\t\t\t<div class=\"elementor-element elementor-element-a0c8512 elementor-widget elementor-widget-exhibz-schedule\" data-id=\"a0c8512\" data-element_type=\"widget\" data-settings=\"{&quot;ekit_we_effect_on&quot;:&quot;none&quot;}\" data-widget_type=\"exhibz-schedule.default\">\n\t\t\t\t<div class=\"elementor-widget-container\">\n\t\t\t<section class=\"ts-schedule\">\n    <div class=\"container\">\n        <div class=\"row\">\n            <div class=\"col-lg-6 align-self-center wow fadeInUp\" data-wow-duration=\"1.5s\" data-wow-delay=\"400ms\">\n                <div class=\"ts-schedule-content\">\n                    <h2 class=\"column-title\">\n                        <span>PROGRAMM<\/span>\n                        ALLE INFORMATIONEN RUND UM DEN ALLG\u00c4UER BAUFACHKONGRESS                    <\/h2>\n                    <p>\n                        Ein paar S\u00e4tze zum Kongress                    <\/p>\n                <\/div>\n            <\/div>\n            <!-- col end-->\n            <div class=\"col-lg-6 wow fadeInUp\" data-wow-duration=\"1.5s\" data-wow-delay=\"500ms\">\n                <div class=\"ts-schedule-info mb-70\">\n                    <ul class=\"nav nav-tabs\" role=\"tablist\">\n                                                                                    <li class=\"nav-item\" role=\"presentation\">\n                                    <a class=\"active\" title=\"17. Januar\"\n                                       href=\"#datea0c85121\" role=\"tab\" data-toggle=\"tab\">\n                                        <h3>17. Januar<\/h3>\n                                        <span>Mittwoch<\/span>\n                                    <\/a>\n                                <\/li>\n                                                                                                                    <li class=\"nav-item\" role=\"presentation\">\n                                    <a title=\"18. Januar\" href=\"#datea0c85122\" role=\"tab\" data-toggle=\"tab\">\n                                        <h3>18. Januar<\/h3>\n                                                                                    <span>Donnerstag<\/span>\n                                                                            <\/a>\n                                <\/li>\n                                                                                                                    <li class=\"nav-item\" role=\"presentation\">\n                                    <a title=\"19. Januar\" href=\"#datea0c85123\" role=\"tab\" data-toggle=\"tab\">\n                                        <h3>19. Januar<\/h3>\n                                                                                    <span>Freitag<\/span>\n                                                                            <\/a>\n                                <\/li>\n                                                                            <\/ul>\n                    <!-- Tab panes -->\n                <\/div>\n            <\/div>\n            <!-- col end-->\n        <\/div>\n        <!-- row end-->\n        <div class=\"row\">\n            <div class=\"col-lg-12\">\n                <div class=\"tab-content schedule-tabs\">\n                                                                        <div role=\"tabpanel\" class=\"tab-pane active\"\n                                 id=\"datea0c85121\">\n                                                                                                        <div class=\"schedule-listing\">\n                                        <div class=\"schedule-slot-time\">\n                                            <span> 9.30 - 10.30 AM Workshop <\/span>\n\n                                        <\/div>\n                                        <div class=\"schedule-slot-info\">\n                                                                                            <a target=\"_blank\"\n                                                   href=\"https:\/\/he-bab03.ebau.at\/baufachkongress\/speaker\/fredric-martinsson\/\">\n                                                    <img width=\"80\" height=\"80\" src=\"https:\/\/he-bab03.ebau.at\/baufachkongress\/wp-content\/uploads\/2018\/12\/speaker1.jpg\" class=\"schedule-slot-speakers\" alt=\"\" decoding=\"async\" loading=\"lazy\" \/>                                                <\/a>\n                                                                                        <div class=\"schedule-slot-info-content\">\n                                                <p class=\"schedule-speaker speaker-1\">\n                                                                                                            James Killer                                                                                                    <\/p>\n\n                                                <h3 class=\"schedule-slot-title\">\n                                                    Marketing Matters!                                                    <!-- <strong>@ Fredric Martinsson<\/strong> -->\n                                                <\/h3>\n                                                <p>\n                                                    <p>How you transform your business as technology, consumer, habits industry dynamics change? Find out from those leading the charge. How you transform<\/p>                                                <\/p>\n                                            <\/div>\n                                            <!--Info content end -->\n                                        <\/div>\n                                        <!-- Slot info end -->\n                                    <\/div>\n                                                                                                        <div class=\"schedule-listing\">\n                                        <div class=\"schedule-slot-time\">\n                                            <span> 10.30 - 11.30 AM Workshop <\/span>\n\n                                        <\/div>\n                                        <div class=\"schedule-slot-info\">\n                                                                                            <a target=\"_blank\"\n                                                   href=\"https:\/\/he-bab03.ebau.at\/baufachkongress\/speaker\/melisa-lundryn\/\">\n                                                    <img width=\"80\" height=\"80\" src=\"https:\/\/he-bab03.ebau.at\/baufachkongress\/wp-content\/uploads\/2018\/12\/speaker2.jpg\" class=\"schedule-slot-speakers\" alt=\"\" decoding=\"async\" loading=\"lazy\" \/>                                                <\/a>\n                                                                                        <div class=\"schedule-slot-info-content\">\n                                                <p class=\"schedule-speaker speaker-1\">\n                                                                                                            Melisa Rock                                                                                                    <\/p>\n\n                                                <h3 class=\"schedule-slot-title\">\n                                                    Reinventing Experiences                                                     <!-- <strong>@ Fredric Martinsson<\/strong> -->\n                                                <\/h3>\n                                                <p>\n                                                    <p>How you transform your business as technology, consumer, habits industry dynamics change? Find out from those leading the charge. How you transform<\/p>                                                <\/p>\n                                            <\/div>\n                                            <!--Info content end -->\n                                        <\/div>\n                                        <!-- Slot info end -->\n                                    <\/div>\n                                                                                                        <div class=\"schedule-listing\">\n                                        <div class=\"schedule-slot-time\">\n                                            <span> 11.30 - 12.30 PM Workshop <\/span>\n\n                                        <\/div>\n                                        <div class=\"schedule-slot-info\">\n                                                                                            <a target=\"_blank\"\n                                                   href=\"https:\/\/he-bab03.ebau.at\/baufachkongress\/speaker\/agaton-johnsson\/\">\n                                                    <img width=\"80\" height=\"80\" src=\"https:\/\/he-bab03.ebau.at\/baufachkongress\/wp-content\/uploads\/2018\/12\/speaker3-150x150.jpg\" class=\"schedule-slot-speakers\" alt=\"\" decoding=\"async\" loading=\"lazy\" srcset=\"https:\/\/he-bab03.ebau.at\/baufachkongress\/wp-content\/uploads\/2018\/12\/speaker3-150x150.jpg 150w, https:\/\/he-bab03.ebau.at\/baufachkongress\/wp-content\/uploads\/2018\/12\/speaker3.jpg 555w\" sizes=\"(max-width: 80px) 100vw, 80px\" \/>                                                <\/a>\n                                                                                        <div class=\"schedule-slot-info-content\">\n                                                <p class=\"schedule-speaker speaker-1\">\n                                                                                                            Agaton Ronald                                                                                                    <\/p>\n\n                                                <h3 class=\"schedule-slot-title\">\n                                                    Cultures of Creativity                                                     <!-- <strong>@ Fredric Martinsson<\/strong> -->\n                                                <\/h3>\n                                                <p>\n                                                    <p>How you transform your business as technology, consumer, habits industry dynamics change? Find out from those leading the charge. How you transform<\/p>                                                <\/p>\n                                            <\/div>\n                                            <!--Info content end -->\n                                        <\/div>\n                                        <!-- Slot info end -->\n                                    <\/div>\n                                                                                                        <div class=\"schedule-listing\">\n                                        <div class=\"schedule-slot-time\">\n                                            <span> 01.30 - 02.30 PM Workshop <\/span>\n\n                                        <\/div>\n                                        <div class=\"schedule-slot-info\">\n                                                                                            <a target=\"_blank\"\n                                                   href=\"https:\/\/he-bab03.ebau.at\/baufachkongress\/speaker\/fredric-martinsson\/\">\n                                                    <img width=\"80\" height=\"80\" src=\"https:\/\/he-bab03.ebau.at\/baufachkongress\/wp-content\/uploads\/2018\/12\/speaker1.jpg\" class=\"schedule-slot-speakers\" alt=\"\" decoding=\"async\" loading=\"lazy\" \/>                                                <\/a>\n                                                                                        <div class=\"schedule-slot-info-content\">\n                                                <p class=\"schedule-speaker speaker-1\">\n                                                                                                            James Killer                                                                                                    <\/p>\n\n                                                <h3 class=\"schedule-slot-title\">\n                                                    Human Centered Design                                                    <!-- <strong>@ Fredric Martinsson<\/strong> -->\n                                                <\/h3>\n                                                <p>\n                                                    <p>How you transform your business as technology, consumer, habits industry dynamics change? Find out from those leading the charge. How you transform<\/p>                                                <\/p>\n                                            <\/div>\n                                            <!--Info content end -->\n                                        <\/div>\n                                        <!-- Slot info end -->\n                                    <\/div>\n                                                                                                        <div class=\"schedule-listing\">\n                                        <div class=\"schedule-slot-time\">\n                                            <span> 02.30 - 03.30 PM Workshop <\/span>\n\n                                        <\/div>\n                                        <div class=\"schedule-slot-info\">\n                                                                                            <a target=\"_blank\"\n                                                   href=\"https:\/\/he-bab03.ebau.at\/baufachkongress\/speaker\/henrikon-robert\/\">\n                                                    <img width=\"80\" height=\"80\" src=\"https:\/\/he-bab03.ebau.at\/baufachkongress\/wp-content\/uploads\/2018\/12\/speaker8.jpg\" class=\"schedule-slot-speakers\" alt=\"\" decoding=\"async\" loading=\"lazy\" \/>                                                <\/a>\n                                                                                        <div class=\"schedule-slot-info-content\">\n                                                <p class=\"schedule-speaker speaker-1\">\n                                                                                                            Henri Robert                                                                                                    <\/p>\n\n                                                <h3 class=\"schedule-slot-title\">\n                                                    A frontier for designers                                                    <!-- <strong>@ Fredric Martinsson<\/strong> -->\n                                                <\/h3>\n                                                <p>\n                                                    <p>How you transform your business as technology, consumer, habits industry dynamics change? Find out from those leading the charge. How you transform<\/p>                                                <\/p>\n                                            <\/div>\n                                            <!--Info content end -->\n                                        <\/div>\n                                        <!-- Slot info end -->\n                                    <\/div>\n                                                                <!--schedule-listing end -->\n                            <\/div>\n                                                                                                    <div role=\"tabpanel\" class=\"tab-pane\"\n                                 id=\"datea0c85122\">\n                                                                                                        <div class=\"schedule-listing\">\n                                        <div class=\"schedule-slot-time\">\n                                            <span> 2.30 - 3.30 PM Seminar <\/span>\n\n                                        <\/div>\n                                        <div class=\"schedule-slot-info\">\n                                                                                            <a target=\"_blank\"\n                                                   href=\"https:\/\/he-bab03.ebau.at\/baufachkongress\/speaker\/lucy-melisa\/\">\n                                                    <img decoding=\"async\" class=\"schedule-slot-speakers\"\n                                                         src=\"https:\/\/he-bab03.ebau.at\/baufachkongress\/wp-content\/uploads\/2018\/12\/speaker5.jpg\"\n                                                         alt=\" Marketing Matters! \">\n                                                <\/a>\n                                                                                        <div class=\"schedule-slot-info-content\">\n\n                                                <p class=\"schedule-speaker speaker-1\">\n                                                                                                            Lucy Melisa                                                                                                    <\/p>\n\n                                                <h3 class=\"schedule-slot-title\">\n                                                    Marketing Matters!                                                     <!-- <strong>@ Fredric Martinsson <\/strong> -->\n                                                <\/h3>\n                                                <p>\n                                                    <p>How you transform your business as technology, consumer, habits industry dynamics change? Find out from those leading the charge. How you transform<\/p>                                                <\/p>\n                                            <\/div>\n                                            <!--Info content end -->\n                                        <\/div>\n                                        <!-- Slot info end -->\n                                    <\/div>\n                                                                                                        <div class=\"schedule-listing\">\n                                        <div class=\"schedule-slot-time\">\n                                            <span> 3.30 - 4.30 PM Workshop <\/span>\n\n                                        <\/div>\n                                        <div class=\"schedule-slot-info\">\n                                                                                            <a target=\"_blank\"\n                                                   href=\"https:\/\/he-bab03.ebau.at\/baufachkongress\/speaker\/fredric-martin\/\">\n                                                    <img decoding=\"async\" class=\"schedule-slot-speakers\"\n                                                         src=\"https:\/\/he-bab03.ebau.at\/baufachkongress\/wp-content\/uploads\/2018\/12\/speaker6.jpg\"\n                                                         alt=\" Reinventing Experiences \">\n                                                <\/a>\n                                                                                        <div class=\"schedule-slot-info-content\">\n\n                                                <p class=\"schedule-speaker speaker-1\">\n                                                                                                            Fredric Martin                                                                                                    <\/p>\n\n                                                <h3 class=\"schedule-slot-title\">\n                                                    Reinventing Experiences                                                     <!-- <strong>@ Fredric Martinsson <\/strong> -->\n                                                <\/h3>\n                                                <p>\n                                                    <p>How you transform your business as technology, consumer, habits industry dynamics change? Find out from those leading the charge. How you transform<\/p>                                                <\/p>\n                                            <\/div>\n                                            <!--Info content end -->\n                                        <\/div>\n                                        <!-- Slot info end -->\n                                    <\/div>\n                                                                                                        <div class=\"schedule-listing\">\n                                        <div class=\"schedule-slot-time\">\n                                            <span> 4.30 - 5.30 PM Seminar <\/span>\n\n                                        <\/div>\n                                        <div class=\"schedule-slot-info\">\n                                                                                            <a target=\"_blank\"\n                                                   href=\"https:\/\/he-bab03.ebau.at\/baufachkongress\/speaker\/laura-bryant\/\">\n                                                    <img decoding=\"async\" class=\"schedule-slot-speakers\"\n                                                         src=\"https:\/\/he-bab03.ebau.at\/baufachkongress\/wp-content\/uploads\/2018\/12\/speaker7.jpg\"\n                                                         alt=\" Cultures of Creativity\">\n                                                <\/a>\n                                                                                        <div class=\"schedule-slot-info-content\">\n\n                                                <p class=\"schedule-speaker speaker-1\">\n                                                                                                            Laura Bryant                                                                                                    <\/p>\n\n                                                <h3 class=\"schedule-slot-title\">\n                                                    Cultures of Creativity                                                    <!-- <strong>@ Fredric Martinsson <\/strong> -->\n                                                <\/h3>\n                                                <p>\n                                                    <p>How you transform your business as technology, consumer, habits industry dynamics change? Find out from those leading the charge. How you transform<\/p>                                                <\/p>\n                                            <\/div>\n                                            <!--Info content end -->\n                                        <\/div>\n                                        <!-- Slot info end -->\n                                    <\/div>\n                                                                                                        <div class=\"schedule-listing\">\n                                        <div class=\"schedule-slot-time\">\n                                            <span> 6.30 - 7.30 PM Workshop <\/span>\n\n                                        <\/div>\n                                        <div class=\"schedule-slot-info\">\n                                                                                            <a target=\"_blank\"\n                                                   href=\"https:\/\/he-bab03.ebau.at\/baufachkongress\/speaker\/henrikon-robert\/\">\n                                                    <img decoding=\"async\" class=\"schedule-slot-speakers\"\n                                                         src=\"https:\/\/he-bab03.ebau.at\/baufachkongress\/wp-content\/uploads\/2018\/12\/speaker8.jpg\"\n                                                         alt=\" Human Centered Design\">\n                                                <\/a>\n                                                                                        <div class=\"schedule-slot-info-content\">\n\n                                                <p class=\"schedule-speaker speaker-1\">\n                                                                                                            Henri Robert                                                                                                    <\/p>\n\n                                                <h3 class=\"schedule-slot-title\">\n                                                    Human Centered Design                                                    <!-- <strong>@ Fredric Martinsson <\/strong> -->\n                                                <\/h3>\n                                                <p>\n                                                    <p>How you transform your business as technology, consumer, habits industry dynamics change? Find out from those leading the charge. How you transform<\/p>                                                <\/p>\n                                            <\/div>\n                                            <!--Info content end -->\n                                        <\/div>\n                                        <!-- Slot info end -->\n                                    <\/div>\n                                                                                                        <div class=\"schedule-listing\">\n                                        <div class=\"schedule-slot-time\">\n                                            <span> 5.30 - 6.30 PM Seminar <\/span>\n\n                                        <\/div>\n                                        <div class=\"schedule-slot-info\">\n                                                                                            <a target=\"_blank\"\n                                                   href=\"https:\/\/he-bab03.ebau.at\/baufachkongress\/speaker\/agaton-johnsson\/\">\n                                                    <img decoding=\"async\" class=\"schedule-slot-speakers\"\n                                                         src=\"https:\/\/he-bab03.ebau.at\/baufachkongress\/wp-content\/uploads\/2018\/12\/speaker3.jpg\"\n                                                         alt=\" Little Tricks From The Dark Corners\">\n                                                <\/a>\n                                                                                        <div class=\"schedule-slot-info-content\">\n\n                                                <p class=\"schedule-speaker speaker-1\">\n                                                                                                            Agaton Ronald                                                                                                    <\/p>\n\n                                                <h3 class=\"schedule-slot-title\">\n                                                    Little Tricks From The Dark Corners                                                    <!-- <strong>@ Fredric Martinsson <\/strong> -->\n                                                <\/h3>\n                                                <p>\n                                                    <p>How you transform your business as technology, consumer, habits industry dynamics change? Find out from those leading the charge. How you transform<\/p>                                                <\/p>\n                                            <\/div>\n                                            <!--Info content end -->\n                                        <\/div>\n                                        <!-- Slot info end -->\n                                    <\/div>\n                                                                <!--schedule-listing end -->\n                            <\/div>\n                                                                                                    <div role=\"tabpanel\" class=\"tab-pane\"\n                                 id=\"datea0c85123\">\n                                                                                                        <div class=\"schedule-listing\">\n                                        <div class=\"schedule-slot-time\">\n                                            <span> 09.00 - 11.30 AM Workshop <\/span>\n\n                                        <\/div>\n                                        <div class=\"schedule-slot-info\">\n                                                                                            <a target=\"_blank\"\n                                                   href=\"https:\/\/he-bab03.ebau.at\/baufachkongress\/speaker\/fredric-martinsson\/\">\n                                                    <img decoding=\"async\" class=\"schedule-slot-speakers\"\n                                                         src=\"https:\/\/he-bab03.ebau.at\/baufachkongress\/wp-content\/uploads\/2018\/12\/speaker1.jpg\"\n                                                         alt=\" Marketing Matters! \">\n                                                <\/a>\n                                                                                        <div class=\"schedule-slot-info-content\">\n\n                                                <p class=\"schedule-speaker speaker-1\">\n                                                                                                            James Killer                                                                                                    <\/p>\n\n                                                <h3 class=\"schedule-slot-title\">\n                                                    Marketing Matters!                                                     <!-- <strong>@ Fredric Martinsson <\/strong> -->\n                                                <\/h3>\n                                                <p>\n                                                    <p>How you transform your business as technology, consumer, habits industry dynamics change? Find out from those leading the charge. How you transform<\/p>                                                <\/p>\n                                            <\/div>\n                                            <!--Info content end -->\n                                        <\/div>\n                                        <!-- Slot info end -->\n                                    <\/div>\n                                                                                                        <div class=\"schedule-listing\">\n                                        <div class=\"schedule-slot-time\">\n                                            <span> 9.30 - 10.30 AM Seminar <\/span>\n\n                                        <\/div>\n                                        <div class=\"schedule-slot-info\">\n                                                                                            <a target=\"_blank\"\n                                                   href=\"https:\/\/he-bab03.ebau.at\/baufachkongress\/speaker\/melisa-lundryn\/\">\n                                                    <img decoding=\"async\" class=\"schedule-slot-speakers\"\n                                                         src=\"https:\/\/he-bab03.ebau.at\/baufachkongress\/wp-content\/uploads\/2018\/12\/speaker2.jpg\"\n                                                         alt=\" Reinventing Experiences\">\n                                                <\/a>\n                                                                                        <div class=\"schedule-slot-info-content\">\n\n                                                <p class=\"schedule-speaker speaker-1\">\n                                                                                                            Melisa Rock                                                                                                    <\/p>\n\n                                                <h3 class=\"schedule-slot-title\">\n                                                    Reinventing Experiences                                                    <!-- <strong>@ Fredric Martinsson <\/strong> -->\n                                                <\/h3>\n                                                <p>\n                                                    <p>How you transform your business as technology, consumer, habits industry dynamics change? Find out from those leading the charge. How you transform<\/p>                                                <\/p>\n                                            <\/div>\n                                            <!--Info content end -->\n                                        <\/div>\n                                        <!-- Slot info end -->\n                                    <\/div>\n                                                                                                        <div class=\"schedule-listing\">\n                                        <div class=\"schedule-slot-time\">\n                                            <span> 10.30 - 11.30 AM Workshop <\/span>\n\n                                        <\/div>\n                                        <div class=\"schedule-slot-info\">\n                                                                                            <a target=\"_blank\"\n                                                   href=\"https:\/\/he-bab03.ebau.at\/baufachkongress\/speaker\/agaton-johnsson\/\">\n                                                    <img decoding=\"async\" class=\"schedule-slot-speakers\"\n                                                         src=\"https:\/\/he-bab03.ebau.at\/baufachkongress\/wp-content\/uploads\/2018\/12\/speaker3.jpg\"\n                                                         alt=\" Cultures of Creativity \">\n                                                <\/a>\n                                                                                        <div class=\"schedule-slot-info-content\">\n\n                                                <p class=\"schedule-speaker speaker-1\">\n                                                                                                            Agaton Ronald                                                                                                    <\/p>\n\n                                                <h3 class=\"schedule-slot-title\">\n                                                    Cultures of Creativity                                                     <!-- <strong>@ Fredric Martinsson <\/strong> -->\n                                                <\/h3>\n                                                <p>\n                                                    <p>How you transform your business as technology, consumer, habits industry dynamics change? Find out from those leading the charge. How you transform<\/p>                                                <\/p>\n                                            <\/div>\n                                            <!--Info content end -->\n                                        <\/div>\n                                        <!-- Slot info end -->\n                                    <\/div>\n                                                                                                        <div class=\"schedule-listing\">\n                                        <div class=\"schedule-slot-time\">\n                                            <span> 12.30 - 01.30 PM Workshop <\/span>\n\n                                        <\/div>\n                                        <div class=\"schedule-slot-info\">\n                                                                                            <a target=\"_blank\"\n                                                   href=\"https:\/\/he-bab03.ebau.at\/baufachkongress\/speaker\/lucy-melisa\/\">\n                                                    <img decoding=\"async\" class=\"schedule-slot-speakers\"\n                                                         src=\"https:\/\/he-bab03.ebau.at\/baufachkongress\/wp-content\/uploads\/2018\/12\/speaker5.jpg\"\n                                                         alt=\" Human Centered Design \">\n                                                <\/a>\n                                                                                        <div class=\"schedule-slot-info-content\">\n\n                                                <p class=\"schedule-speaker speaker-1\">\n                                                                                                            Lucy Melisa                                                                                                    <\/p>\n\n                                                <h3 class=\"schedule-slot-title\">\n                                                    Human Centered Design                                                     <!-- <strong>@ Fredric Martinsson <\/strong> -->\n                                                <\/h3>\n                                                <p>\n                                                    <p>How you transform your business as technology, consumer, habits industry dynamics change? Find out from those leading the charge. How you transform<\/p>                                                <\/p>\n                                            <\/div>\n                                            <!--Info content end -->\n                                        <\/div>\n                                        <!-- Slot info end -->\n                                    <\/div>\n                                                                                                        <div class=\"schedule-listing\">\n                                        <div class=\"schedule-slot-time\">\n                                            <span> 10.30 - 11.30 AM Workshop <\/span>\n\n                                        <\/div>\n                                        <div class=\"schedule-slot-info\">\n                                                                                            <a target=\"_blank\"\n                                                   href=\"https:\/\/he-bab03.ebau.at\/baufachkongress\/speaker\/fredric-martinsson\/\">\n                                                    <img decoding=\"async\" class=\"schedule-slot-speakers\"\n                                                         src=\"https:\/\/he-bab03.ebau.at\/baufachkongress\/wp-content\/uploads\/2018\/12\/speaker1.jpg\"\n                                                         alt=\" Three Star Product Experiences\">\n                                                <\/a>\n                                                                                        <div class=\"schedule-slot-info-content\">\n\n                                                <p class=\"schedule-speaker speaker-1\">\n                                                                                                            James Killer                                                                                                    <\/p>\n\n                                                <h3 class=\"schedule-slot-title\">\n                                                    Three Star Product Experiences                                                    <!-- <strong>@ Fredric Martinsson <\/strong> -->\n                                                <\/h3>\n                                                <p>\n                                                    <p>How you transform your business as technology, consumer, habits industry dynamics change? Find out from those leading the charge. How you transform<\/p>                                                <\/p>\n                                            <\/div>\n                                            <!--Info content end -->\n                                        <\/div>\n                                        <!-- Slot info end -->\n                                    <\/div>\n                                                                <!--schedule-listing end -->\n                            <\/div>\n                                                                <\/div>\n            <\/div>\n        <\/div>\n    <\/div>\n    <!-- container end-->\n<\/section>\n\t\t<\/div>\n\t\t\t\t<\/div>\n\t\t\t\t<div class=\"elementor-element elementor-element-d300574 elementor-align-center elementor-widget elementor-widget-button\" data-id=\"d300574\" data-element_type=\"widget\" data-settings=\"{&quot;ekit_we_effect_on&quot;:&quot;none&quot;}\" data-widget_type=\"button.default\">\n\t\t\t\t<div class=\"elementor-widget-container\">\n\t\t\t\t\t<div class=\"elementor-button-wrapper\">\n\t\t\t<a href=\"https:\/\/he-bab03.ebau.at\/baufachkongress\/schedule-tab\/\" class=\"elementor-button-link elementor-button elementor-size-md\" role=\"button\">\n\t\t\t\t\t\t<span class=\"elementor-button-content-wrapper\">\n\t\t\t\t\t\t<span class=\"elementor-button-text\">mehr Informationen<\/span>\n\t\t<\/span>\n\t\t\t\t\t<\/a>\n\t\t<\/div>\n\t\t\t\t<\/div>\n\t\t\t\t<\/div>\n\t\t\t\t\t\t<\/div>\n\t\t\t\t\t<\/div>\n\t\t<\/div>\n\t\t\t\t\t\t\t\t<\/div>\n\t\t\t\t\t<\/div>\n\t\t<\/section>\n\t\t\t\t<section class=\"elementor-section elementor-top-section elementor-element elementor-element-98c2f34 elementor-section-boxed elementor-section-height-default elementor-section-height-default elementor-invisible\" data-id=\"98c2f34\" data-element_type=\"section\" data-settings=\"{&quot;background_background&quot;:&quot;classic&quot;,&quot;animation&quot;:&quot;slideInUp&quot;,&quot;animation_delay&quot;:350}\">\n\t\t\t\t\t\t\t<div class=\"elementor-background-overlay\"><\/div>\n\t\t\t\t\t\t\t<div class=\"elementor-container elementor-column-gap-default\">\n\t\t\t\t\t\t\t<div class=\"elementor-row\">\n\t\t\t\t\t<div class=\"elementor-column elementor-col-100 elementor-top-column elementor-element elementor-element-339f754\" data-id=\"339f754\" data-element_type=\"column\">\n\t\t\t<div class=\"elementor-column-wrap elementor-element-populated\">\n\t\t\t\t\t\t\t<div class=\"elementor-widget-wrap\">\n\t\t\t\t\t\t<div class=\"elementor-element elementor-element-d560d27 elementor-widget elementor-widget-menu-anchor\" data-id=\"d560d27\" data-element_type=\"widget\" data-settings=\"{&quot;ekit_we_effect_on&quot;:&quot;none&quot;}\" data-widget_type=\"menu-anchor.default\">\n\t\t\t\t<div class=\"elementor-widget-container\">\n\t\t\t\t\t<div id=\"referenten\" class=\"elementor-menu-anchor\"><\/div>\n\t\t\t\t<\/div>\n\t\t\t\t<\/div>\n\t\t\t\t<div class=\"elementor-element elementor-element-e7c3329 elementor-widget elementor-widget-exhibz-title\" data-id=\"e7c3329\" data-element_type=\"widget\" data-settings=\"{&quot;ekit_we_effect_on&quot;:&quot;none&quot;}\" data-widget_type=\"exhibz-title.default\">\n\t\t\t\t<div class=\"elementor-widget-container\">\n\t\t\t\n    <div class=\"title-section-area\">\n        <h2 class=\"section-title\">\n            <span class=\"sub-title\">Lernen Sie die Referenten kennen<\/span>\n\t\t\tReferenten        <\/h2>\n\t\t                    <span class=\"title-shape\">\n                  <svg xmlns='http:\/\/www.w3.org\/2000\/svg' xmlns:xlink='http:\/\/www.w3.org\/1999\/xlink' width='71px' height='11px'> <path fill-rule='evenodd' d='M59.669,10.710 L49.164,3.306 L39.428,10.681 L29.714,3.322 L20.006,10.682 L10.295,3.322 L1.185,10.228 L-0.010,8.578 L10.295,0.765 L20.006,8.125 L29.714,0.765 L39.428,8.125 L49.122,0.781 L59.680,8.223 L69.858,1.192 L70.982,2.895 L59.669,10.710 Z'\/><\/svg>\n            <\/span>\n                    <\/div><!-- Section title -->\n    \n    \n\n    \t\t<\/div>\n\t\t\t\t<\/div>\n\t\t\t\t<section class=\"elementor-section elementor-inner-section elementor-element elementor-element-8117a13 elementor-section-boxed elementor-section-height-default elementor-section-height-default\" data-id=\"8117a13\" data-element_type=\"section\">\n\t\t\t\t\t\t<div class=\"elementor-container elementor-column-gap-default\">\n\t\t\t\t\t\t\t<div class=\"elementor-row\">\n\t\t\t\t\t<div class=\"elementor-column elementor-col-25 elementor-inner-column elementor-element elementor-element-cc981eb\" data-id=\"cc981eb\" data-element_type=\"column\">\n\t\t\t<div class=\"elementor-column-wrap elementor-element-populated\">\n\t\t\t\t\t\t\t<div class=\"elementor-widget-wrap\">\n\t\t\t\t\t\t<div class=\"elementor-element elementor-element-3c583e9 elementor-widget elementor-widget-exhibz-speaker\" data-id=\"3c583e9\" data-element_type=\"widget\" data-settings=\"{&quot;ekit_we_effect_on&quot;:&quot;none&quot;}\" data-widget_type=\"exhibz-speaker.default\">\n\t\t\t\t<div class=\"elementor-widget-container\">\n\t\t\t            \n\n                        <section class=\"ts-speakers-standard ts-speakers speaker-classic section-bg\">\n                <div class=\"ts-speaker\" style=\"--speaker-color: #25cd44\">\n                    <div class=\"speaker-img\">\n                                                    <img width=\"555\" height=\"555\" src=\"https:\/\/he-bab03.ebau.at\/baufachkongress\/wp-content\/uploads\/2018\/12\/speaker1.jpg\" class=\"img-fluid\" alt=\"\" decoding=\"async\" loading=\"lazy\" \/>                                                <a href=\"#popup_3c583e9219\"\n                           class=\"view-speaker ts-image-popup\" data-effect=\"mfp-zoom-in\">\n                            <i class=\"icon icon-plus\"><\/i>\n                        <\/a>\n                    <\/div>\n                    <div class=\"ts-speaker-info\">\n                        <h3 class=\"ts-title\"><a\n                                    href=\"https:\/\/he-bab03.ebau.at\/baufachkongress\/speaker\/fredric-martinsson\/\"> James Killer <\/a>\n                        <\/h3>\n                        <p>\n                            Founder, Edilta                        <\/p>\n                    <\/div>\n                    <!--- speaker info end -->\n                    <!-- popup start-->\n                    <div id=\"popup_3c583e9219\"\n                         class=\"container ts-speaker-popup mfp-hide\">\n                        <div class=\"row\">\n                            <div class=\"col-lg-6\">\n                                <div class=\"ts-speaker-popup-img\">\n                                                                            <img width=\"555\" height=\"555\" src=\"https:\/\/he-bab03.ebau.at\/baufachkongress\/wp-content\/uploads\/2018\/12\/speaker1.jpg\" class=\"attachment-full size-full\" alt=\"\" decoding=\"async\" loading=\"lazy\" \/>                                                                    <\/div>\n                            <\/div>\n                            <!-- col end-->\n                            <div class=\"col-lg-6\">\n                                <div class=\"ts-speaker-popup-content\">\n                                    <h3 class=\"ts-title\"><a\n                                                href=\"https:\/\/he-bab03.ebau.at\/baufachkongress\/speaker\/fredric-martinsson\/\"> James Killer <\/a>\n                                    <\/h3>\n                                    <span class=\"speakder-designation\"> Founder, Edilta<\/span>\n                                    \n                                        <img width=\"141\" height=\"30\" src=\"https:\/\/he-bab03.ebau.at\/baufachkongress\/wp-content\/uploads\/2018\/12\/sponsor-6.png\" class=\"company-logo\" alt=\"\" decoding=\"async\" loading=\"lazy\" \/>                                                                        <p>\n                                        <p>World is committed to making participation in the event a harass ment free experience for everyone, regardless of level experience gender, gender identity and expression<\/p>                                    <\/p>\n                                    <div class=\"ts-speakers-social\">\n                                                                                                                                    <a href=\"https:\/\/www.facebook.com\/themewinter\" rel=\"noreferrer\" target=\"_blank\">\n                                                   <i class=\"icon icon-facebook\"><\/i>\n                                                <\/a>\n                                                                                            <a href=\"#\" rel=\"noreferrer\" target=\"_blank\">\n                                                   <i class=\"icon icon-twitter\"><\/i>\n                                                <\/a>\n                                                                                            <a href=\"#\" rel=\"noreferrer\" target=\"_blank\">\n                                                   <i class=\"icon icon-instagram\"><\/i>\n                                                <\/a>\n                                                                                            <a href=\"#\" rel=\"noreferrer\" target=\"_blank\">\n                                                   <i class=\"icon icon-linkedin\"><\/i>\n                                                <\/a>\n                                                                                                                        <\/div>\n                                <\/div>\n                                <!-- ts-speaker-popup-content end-->\n                            <\/div>\n                            <!-- col end-->\n                        <\/div>\n                        <!-- row end-->\n                    <\/div>\n                    <!-- popup end-->\n                <\/div>\n            <\/section>\n            <!-- ts-speaker end  -->\n        \n            \n            \n\n        \t\t<\/div>\n\t\t\t\t<\/div>\n\t\t\t\t\t\t<\/div>\n\t\t\t\t\t<\/div>\n\t\t<\/div>\n\t\t\t\t<div class=\"elementor-column elementor-col-25 elementor-inner-column elementor-element elementor-element-233f015 elementor-hidden-mobile\" data-id=\"233f015\" data-element_type=\"column\">\n\t\t\t<div class=\"elementor-column-wrap elementor-element-populated\">\n\t\t\t\t\t\t\t<div class=\"elementor-widget-wrap\">\n\t\t\t\t\t\t<div class=\"elementor-element elementor-element-0487ee6 elementor-widget elementor-widget-exhibz-speaker\" data-id=\"0487ee6\" data-element_type=\"widget\" data-settings=\"{&quot;ekit_we_effect_on&quot;:&quot;none&quot;}\" data-widget_type=\"exhibz-speaker.default\">\n\t\t\t\t<div class=\"elementor-widget-container\">\n\t\t\t            \n\n                        <section class=\"ts-speakers-standard ts-speakers speaker-classic section-bg\">\n                <div class=\"ts-speaker\" style=\"--speaker-color: #25cd44\">\n                    <div class=\"speaker-img\">\n                                                    <img width=\"555\" height=\"555\" src=\"https:\/\/he-bab03.ebau.at\/baufachkongress\/wp-content\/uploads\/2018\/12\/speaker2.jpg\" class=\"img-fluid\" alt=\"\" decoding=\"async\" loading=\"lazy\" \/>                                                <a href=\"#popup_0487ee6233\"\n                           class=\"view-speaker ts-image-popup\" data-effect=\"mfp-zoom-in\">\n                            <i class=\"icon icon-plus\"><\/i>\n                        <\/a>\n                    <\/div>\n                    <div class=\"ts-speaker-info\">\n                        <h3 class=\"ts-title\"><a\n                                    href=\"https:\/\/he-bab03.ebau.at\/baufachkongress\/speaker\/melisa-lundryn\/\"> Melisa Rock <\/a>\n                        <\/h3>\n                        <p>\n                            Lead Designer, Payol                        <\/p>\n                    <\/div>\n                    <!--- speaker info end -->\n                    <!-- popup start-->\n                    <div id=\"popup_0487ee6233\"\n                         class=\"container ts-speaker-popup mfp-hide\">\n                        <div class=\"row\">\n                            <div class=\"col-lg-6\">\n                                <div class=\"ts-speaker-popup-img\">\n                                                                            <img width=\"555\" height=\"555\" src=\"https:\/\/he-bab03.ebau.at\/baufachkongress\/wp-content\/uploads\/2018\/12\/speaker2.jpg\" class=\"attachment-full size-full\" alt=\"\" decoding=\"async\" loading=\"lazy\" \/>                                                                    <\/div>\n                            <\/div>\n                            <!-- col end-->\n                            <div class=\"col-lg-6\">\n                                <div class=\"ts-speaker-popup-content\">\n                                    <h3 class=\"ts-title\"><a\n                                                href=\"https:\/\/he-bab03.ebau.at\/baufachkongress\/speaker\/melisa-lundryn\/\"> Melisa Rock <\/a>\n                                    <\/h3>\n                                    <span class=\"speakder-designation\"> Lead Designer, Payol<\/span>\n                                    \n                                        <img width=\"141\" height=\"30\" src=\"https:\/\/he-bab03.ebau.at\/baufachkongress\/wp-content\/uploads\/2018\/12\/sponsor-6.png\" class=\"company-logo\" alt=\"\" decoding=\"async\" loading=\"lazy\" \/>                                                                        <p>\n                                        <p>World is committed to making participation in the event a harass ment free experience for everyone, regardless of level experience gender, gender identity and expression<\/p>                                    <\/p>\n                                    <div class=\"ts-speakers-social\">\n                                                                                                                                    <a href=\"#\" rel=\"noreferrer\" target=\"_blank\">\n                                                   <i class=\"icon icon-facebook\"><\/i>\n                                                <\/a>\n                                                                                            <a href=\"#\" rel=\"noreferrer\" target=\"_blank\">\n                                                   <i class=\"icon icon-twitter\"><\/i>\n                                                <\/a>\n                                                                                            <a href=\"#\" rel=\"noreferrer\" target=\"_blank\">\n                                                   <i class=\"icon icon-instagram\"><\/i>\n                                                <\/a>\n                                                                                            <a href=\"#\" rel=\"noreferrer\" target=\"_blank\">\n                                                   <i class=\"icon icon-linkedin\"><\/i>\n                                                <\/a>\n                                                                                                                        <\/div>\n                                <\/div>\n                                <!-- ts-speaker-popup-content end-->\n                            <\/div>\n                            <!-- col end-->\n                        <\/div>\n                        <!-- row end-->\n                    <\/div>\n                    <!-- popup end-->\n                <\/div>\n            <\/section>\n            <!-- ts-speaker end  -->\n        \n            \n            \n\n        \t\t<\/div>\n\t\t\t\t<\/div>\n\t\t\t\t\t\t<\/div>\n\t\t\t\t\t<\/div>\n\t\t<\/div>\n\t\t\t\t<div class=\"elementor-column elementor-col-25 elementor-inner-column elementor-element elementor-element-85d32b0 elementor-hidden-tablet elementor-hidden-mobile\" data-id=\"85d32b0\" data-element_type=\"column\">\n\t\t\t<div class=\"elementor-column-wrap elementor-element-populated\">\n\t\t\t\t\t\t\t<div class=\"elementor-widget-wrap\">\n\t\t\t\t\t\t<div class=\"elementor-element elementor-element-ea785dc elementor-widget elementor-widget-exhibz-speaker\" data-id=\"ea785dc\" data-element_type=\"widget\" data-settings=\"{&quot;ekit_we_effect_on&quot;:&quot;none&quot;}\" data-widget_type=\"exhibz-speaker.default\">\n\t\t\t\t<div class=\"elementor-widget-container\">\n\t\t\t            \n\n                        <section class=\"ts-speakers-standard ts-speakers speaker-classic section-bg\">\n                <div class=\"ts-speaker\" style=\"--speaker-color: #25cd44\">\n                    <div class=\"speaker-img\">\n                                                    <img width=\"555\" height=\"555\" src=\"https:\/\/he-bab03.ebau.at\/baufachkongress\/wp-content\/uploads\/2018\/12\/speaker3.jpg\" class=\"img-fluid\" alt=\"\" decoding=\"async\" loading=\"lazy\" srcset=\"https:\/\/he-bab03.ebau.at\/baufachkongress\/wp-content\/uploads\/2018\/12\/speaker3.jpg 555w, https:\/\/he-bab03.ebau.at\/baufachkongress\/wp-content\/uploads\/2018\/12\/speaker3-150x150.jpg 150w\" sizes=\"(max-width: 555px) 100vw, 555px\" \/>                                                <a href=\"#popup_ea785dc236\"\n                           class=\"view-speaker ts-image-popup\" data-effect=\"mfp-zoom-in\">\n                            <i class=\"icon icon-plus\"><\/i>\n                        <\/a>\n                    <\/div>\n                    <div class=\"ts-speaker-info\">\n                        <h3 class=\"ts-title\"><a\n                                    href=\"https:\/\/he-bab03.ebau.at\/baufachkongress\/speaker\/agaton-johnsson\/\"> Agaton Ronald <\/a>\n                        <\/h3>\n                        <p>\n                            Developer Expert                        <\/p>\n                    <\/div>\n                    <!--- speaker info end -->\n                    <!-- popup start-->\n                    <div id=\"popup_ea785dc236\"\n                         class=\"container ts-speaker-popup mfp-hide\">\n                        <div class=\"row\">\n                            <div class=\"col-lg-6\">\n                                <div class=\"ts-speaker-popup-img\">\n                                                                            <img width=\"555\" height=\"555\" src=\"https:\/\/he-bab03.ebau.at\/baufachkongress\/wp-content\/uploads\/2018\/12\/speaker3.jpg\" class=\"attachment-full size-full\" alt=\"\" decoding=\"async\" loading=\"lazy\" srcset=\"https:\/\/he-bab03.ebau.at\/baufachkongress\/wp-content\/uploads\/2018\/12\/speaker3.jpg 555w, https:\/\/he-bab03.ebau.at\/baufachkongress\/wp-content\/uploads\/2018\/12\/speaker3-150x150.jpg 150w\" sizes=\"(max-width: 555px) 100vw, 555px\" \/>                                                                    <\/div>\n                            <\/div>\n                            <!-- col end-->\n                            <div class=\"col-lg-6\">\n                                <div class=\"ts-speaker-popup-content\">\n                                    <h3 class=\"ts-title\"><a\n                                                href=\"https:\/\/he-bab03.ebau.at\/baufachkongress\/speaker\/agaton-johnsson\/\"> Agaton Ronald <\/a>\n                                    <\/h3>\n                                    <span class=\"speakder-designation\"> Developer Expert<\/span>\n                                    \n                                        <img width=\"141\" height=\"30\" src=\"https:\/\/he-bab03.ebau.at\/baufachkongress\/wp-content\/uploads\/2018\/12\/sponsor-6.png\" class=\"company-logo\" alt=\"\" decoding=\"async\" loading=\"lazy\" \/>                                                                        <p>\n                                        <p>World is committed to making participation in the event a harass ment free experience for everyone, regardless of level experience gender, gender identity and expression<\/p>                                    <\/p>\n                                    <div class=\"ts-speakers-social\">\n                                                                                                                                    <a href=\"#\" rel=\"noreferrer\" target=\"_blank\">\n                                                   <i class=\"icon icon-facebook\"><\/i>\n                                                <\/a>\n                                                                                            <a href=\"#\" rel=\"noreferrer\" target=\"_blank\">\n                                                   <i class=\"icon icon-twitter\"><\/i>\n                                                <\/a>\n                                                                                            <a href=\"#\" rel=\"noreferrer\" target=\"_blank\">\n                                                   <i class=\"icon icon-instagram\"><\/i>\n                                                <\/a>\n                                                                                            <a href=\"#\" rel=\"noreferrer\" target=\"_blank\">\n                                                   <i class=\"icon icon-linkedin\"><\/i>\n                                                <\/a>\n                                                                                                                        <\/div>\n                                <\/div>\n                                <!-- ts-speaker-popup-content end-->\n                            <\/div>\n                            <!-- col end-->\n                        <\/div>\n                        <!-- row end-->\n                    <\/div>\n                    <!-- popup end-->\n                <\/div>\n            <\/section>\n            <!-- ts-speaker end  -->\n        \n            \n            \n\n        \t\t<\/div>\n\t\t\t\t<\/div>\n\t\t\t\t\t\t<\/div>\n\t\t\t\t\t<\/div>\n\t\t<\/div>\n\t\t\t\t<div class=\"elementor-column elementor-col-25 elementor-inner-column elementor-element elementor-element-6fa2624 elementor-hidden-tablet elementor-hidden-mobile\" data-id=\"6fa2624\" data-element_type=\"column\">\n\t\t\t<div class=\"elementor-column-wrap elementor-element-populated\">\n\t\t\t\t\t\t\t<div class=\"elementor-widget-wrap\">\n\t\t\t\t\t\t<div class=\"elementor-element elementor-element-b992258 elementor-widget elementor-widget-exhibz-speaker\" data-id=\"b992258\" data-element_type=\"widget\" data-settings=\"{&quot;ekit_we_effect_on&quot;:&quot;none&quot;}\" data-widget_type=\"exhibz-speaker.default\">\n\t\t\t\t<div class=\"elementor-widget-container\">\n\t\t\t            \n\n                        <section class=\"ts-speakers-standard ts-speakers speaker-classic section-bg\">\n                <div class=\"ts-speaker\" style=\"--speaker-color: #25cd44\">\n                    <div class=\"speaker-img\">\n                                                    <img width=\"555\" height=\"555\" src=\"https:\/\/he-bab03.ebau.at\/baufachkongress\/wp-content\/uploads\/2018\/12\/speaker4.jpg\" class=\"img-fluid\" alt=\"\" decoding=\"async\" loading=\"lazy\" \/>                                                <a href=\"#popup_b992258237\"\n                           class=\"view-speaker ts-image-popup\" data-effect=\"mfp-zoom-in\">\n                            <i class=\"icon icon-plus\"><\/i>\n                        <\/a>\n                    <\/div>\n                    <div class=\"ts-speaker-info\">\n                        <h3 class=\"ts-title\"><a\n                                    href=\"https:\/\/he-bab03.ebau.at\/baufachkongress\/speaker\/rebecca-henrikon\/\"> Devid Arone <\/a>\n                        <\/h3>\n                        <p>\n                            Founder, Cards                        <\/p>\n                    <\/div>\n                    <!--- speaker info end -->\n                    <!-- popup start-->\n                    <div id=\"popup_b992258237\"\n                         class=\"container ts-speaker-popup mfp-hide\">\n                        <div class=\"row\">\n                            <div class=\"col-lg-6\">\n                                <div class=\"ts-speaker-popup-img\">\n                                                                            <img width=\"555\" height=\"555\" src=\"https:\/\/he-bab03.ebau.at\/baufachkongress\/wp-content\/uploads\/2018\/12\/speaker4.jpg\" class=\"attachment-full size-full\" alt=\"\" decoding=\"async\" loading=\"lazy\" \/>                                                                    <\/div>\n                            <\/div>\n                            <!-- col end-->\n                            <div class=\"col-lg-6\">\n                                <div class=\"ts-speaker-popup-content\">\n                                    <h3 class=\"ts-title\"><a\n                                                href=\"https:\/\/he-bab03.ebau.at\/baufachkongress\/speaker\/rebecca-henrikon\/\"> Devid Arone <\/a>\n                                    <\/h3>\n                                    <span class=\"speakder-designation\"> Founder, Cards<\/span>\n                                    \n                                        <img width=\"141\" height=\"30\" src=\"https:\/\/he-bab03.ebau.at\/baufachkongress\/wp-content\/uploads\/2018\/12\/sponsor-6.png\" class=\"company-logo\" alt=\"\" decoding=\"async\" loading=\"lazy\" \/>                                                                        <p>\n                                        <p>World is committed to making participation in the event a harass ment free experience for everyone, regardless of level experience gender, gender identity and expression<\/p>                                    <\/p>\n                                    <div class=\"ts-speakers-social\">\n                                                                                                                                    <a href=\"#\" rel=\"noreferrer\" target=\"_blank\">\n                                                   <i class=\"icon icon-facebook\"><\/i>\n                                                <\/a>\n                                                                                            <a href=\"#\" rel=\"noreferrer\" target=\"_blank\">\n                                                   <i class=\"icon icon-twitter\"><\/i>\n                                                <\/a>\n                                                                                            <a href=\"#\" rel=\"noreferrer\" target=\"_blank\">\n                                                   <i class=\"icon icon-instagram\"><\/i>\n                                                <\/a>\n                                                                                            <a href=\"#\" rel=\"noreferrer\" target=\"_blank\">\n                                                   <i class=\"icon icon-linkedin\"><\/i>\n                                                <\/a>\n                                                                                                                        <\/div>\n                                <\/div>\n                                <!-- ts-speaker-popup-content end-->\n                            <\/div>\n                            <!-- col end-->\n                        <\/div>\n                        <!-- row end-->\n                    <\/div>\n                    <!-- popup end-->\n                <\/div>\n            <\/section>\n            <!-- ts-speaker end  -->\n        \n            \n            \n\n        \t\t<\/div>\n\t\t\t\t<\/div>\n\t\t\t\t\t\t<\/div>\n\t\t\t\t\t<\/div>\n\t\t<\/div>\n\t\t\t\t\t\t\t\t<\/div>\n\t\t\t\t\t<\/div>\n\t\t<\/section>\n\t\t\t\t<section class=\"elementor-section elementor-inner-section elementor-element elementor-element-54aa64c elementor-section-boxed elementor-section-height-default elementor-section-height-default\" data-id=\"54aa64c\" data-element_type=\"section\">\n\t\t\t\t\t\t<div class=\"elementor-container elementor-column-gap-default\">\n\t\t\t\t\t\t\t<div class=\"elementor-row\">\n\t\t\t\t\t<div class=\"elementor-column elementor-col-25 elementor-inner-column elementor-element elementor-element-0814811\" data-id=\"0814811\" data-element_type=\"column\">\n\t\t\t<div class=\"elementor-column-wrap elementor-element-populated\">\n\t\t\t\t\t\t\t<div class=\"elementor-widget-wrap\">\n\t\t\t\t\t\t<div class=\"elementor-element elementor-element-0a44e60 elementor-widget elementor-widget-exhibz-speaker\" data-id=\"0a44e60\" data-element_type=\"widget\" data-settings=\"{&quot;ekit_we_effect_on&quot;:&quot;none&quot;}\" data-widget_type=\"exhibz-speaker.default\">\n\t\t\t\t<div class=\"elementor-widget-container\">\n\t\t\t            \n\n                        <section class=\"ts-speakers-standard ts-speakers speaker-classic section-bg\">\n                <div class=\"ts-speaker\" style=\"--speaker-color: #25cd44\">\n                    <div class=\"speaker-img\">\n                                                    <img width=\"555\" height=\"555\" src=\"https:\/\/he-bab03.ebau.at\/baufachkongress\/wp-content\/uploads\/2018\/12\/speaker5.jpg\" class=\"img-fluid\" alt=\"\" decoding=\"async\" loading=\"lazy\" \/>                                                <a href=\"#popup_0a44e60240\"\n                           class=\"view-speaker ts-image-popup\" data-effect=\"mfp-zoom-in\">\n                            <i class=\"icon icon-plus\"><\/i>\n                        <\/a>\n                    <\/div>\n                    <div class=\"ts-speaker-info\">\n                        <h3 class=\"ts-title\"><a\n                                    href=\"https:\/\/he-bab03.ebau.at\/baufachkongress\/speaker\/lucy-melisa\/\"> Lucy Melisa <\/a>\n                        <\/h3>\n                        <p>\n                            Founder, Edilta                        <\/p>\n                    <\/div>\n                    <!--- speaker info end -->\n                    <!-- popup start-->\n                    <div id=\"popup_0a44e60240\"\n                         class=\"container ts-speaker-popup mfp-hide\">\n                        <div class=\"row\">\n                            <div class=\"col-lg-6\">\n                                <div class=\"ts-speaker-popup-img\">\n                                                                            <img width=\"555\" height=\"555\" src=\"https:\/\/he-bab03.ebau.at\/baufachkongress\/wp-content\/uploads\/2018\/12\/speaker5.jpg\" class=\"attachment-full size-full\" alt=\"\" decoding=\"async\" loading=\"lazy\" \/>                                                                    <\/div>\n                            <\/div>\n                            <!-- col end-->\n                            <div class=\"col-lg-6\">\n                                <div class=\"ts-speaker-popup-content\">\n                                    <h3 class=\"ts-title\"><a\n                                                href=\"https:\/\/he-bab03.ebau.at\/baufachkongress\/speaker\/lucy-melisa\/\"> Lucy Melisa <\/a>\n                                    <\/h3>\n                                    <span class=\"speakder-designation\"> Founder, Edilta<\/span>\n                                    \n                                        <img width=\"141\" height=\"30\" src=\"https:\/\/he-bab03.ebau.at\/baufachkongress\/wp-content\/uploads\/2018\/12\/sponsor-6.png\" class=\"company-logo\" alt=\"\" decoding=\"async\" loading=\"lazy\" \/>                                                                        <p>\n                                        <p>World is committed to making participation in the event a harass ment free experience for everyone, regardless of level experience gender, gender identity and expression<\/p>                                    <\/p>\n                                    <div class=\"ts-speakers-social\">\n                                                                                                                                    <a href=\"#\" rel=\"noreferrer\" target=\"_blank\">\n                                                   <i class=\"icon icon-facebook\"><\/i>\n                                                <\/a>\n                                                                                            <a href=\"#\" rel=\"noreferrer\" target=\"_blank\">\n                                                   <i class=\"icon icon-twitter\"><\/i>\n                                                <\/a>\n                                                                                            <a href=\"#\" rel=\"noreferrer\" target=\"_blank\">\n                                                   <i class=\"icon icon-instagram\"><\/i>\n                                                <\/a>\n                                                                                            <a href=\"#\" rel=\"noreferrer\" target=\"_blank\">\n                                                   <i class=\"icon icon-linkedin\"><\/i>\n                                                <\/a>\n                                                                                                                        <\/div>\n                                <\/div>\n                                <!-- ts-speaker-popup-content end-->\n                            <\/div>\n                            <!-- col end-->\n                        <\/div>\n                        <!-- row end-->\n                    <\/div>\n                    <!-- popup end-->\n                <\/div>\n            <\/section>\n            <!-- ts-speaker end  -->\n        \n            \n            \n\n        \t\t<\/div>\n\t\t\t\t<\/div>\n\t\t\t\t\t\t<\/div>\n\t\t\t\t\t<\/div>\n\t\t<\/div>\n\t\t\t\t<div class=\"elementor-column elementor-col-25 elementor-inner-column elementor-element elementor-element-9789913\" data-id=\"9789913\" data-element_type=\"column\">\n\t\t\t<div class=\"elementor-column-wrap elementor-element-populated\">\n\t\t\t\t\t\t\t<div class=\"elementor-widget-wrap\">\n\t\t\t\t\t\t<div class=\"elementor-element elementor-element-318c0db elementor-widget elementor-widget-exhibz-speaker\" data-id=\"318c0db\" data-element_type=\"widget\" data-settings=\"{&quot;ekit_we_effect_on&quot;:&quot;none&quot;}\" data-widget_type=\"exhibz-speaker.default\">\n\t\t\t\t<div class=\"elementor-widget-container\">\n\t\t\t            \n\n                        <section class=\"ts-speakers-standard ts-speakers speaker-classic section-bg\">\n                <div class=\"ts-speaker\" style=\"--speaker-color: #25cd44\">\n                    <div class=\"speaker-img\">\n                                                    <img width=\"555\" height=\"555\" src=\"https:\/\/he-bab03.ebau.at\/baufachkongress\/wp-content\/uploads\/2018\/12\/speaker6.jpg\" class=\"img-fluid\" alt=\"\" decoding=\"async\" loading=\"lazy\" \/>                                                <a href=\"#popup_318c0db241\"\n                           class=\"view-speaker ts-image-popup\" data-effect=\"mfp-zoom-in\">\n                            <i class=\"icon icon-plus\"><\/i>\n                        <\/a>\n                    <\/div>\n                    <div class=\"ts-speaker-info\">\n                        <h3 class=\"ts-title\"><a\n                                    href=\"https:\/\/he-bab03.ebau.at\/baufachkongress\/speaker\/fredric-martin\/\"> Fredric Martin <\/a>\n                        <\/h3>\n                        <p>\n                            Lead Designer, Payol                        <\/p>\n                    <\/div>\n                    <!--- speaker info end -->\n                    <!-- popup start-->\n                    <div id=\"popup_318c0db241\"\n                         class=\"container ts-speaker-popup mfp-hide\">\n                        <div class=\"row\">\n                            <div class=\"col-lg-6\">\n                                <div class=\"ts-speaker-popup-img\">\n                                                                            <img width=\"555\" height=\"555\" src=\"https:\/\/he-bab03.ebau.at\/baufachkongress\/wp-content\/uploads\/2018\/12\/speaker6.jpg\" class=\"attachment-full size-full\" alt=\"\" decoding=\"async\" loading=\"lazy\" \/>                                                                    <\/div>\n                            <\/div>\n                            <!-- col end-->\n                            <div class=\"col-lg-6\">\n                                <div class=\"ts-speaker-popup-content\">\n                                    <h3 class=\"ts-title\"><a\n                                                href=\"https:\/\/he-bab03.ebau.at\/baufachkongress\/speaker\/fredric-martin\/\"> Fredric Martin <\/a>\n                                    <\/h3>\n                                    <span class=\"speakder-designation\"> Lead Designer, Payol<\/span>\n                                    \n                                        <img width=\"141\" height=\"30\" src=\"https:\/\/he-bab03.ebau.at\/baufachkongress\/wp-content\/uploads\/2018\/12\/sponsor-6.png\" class=\"company-logo\" alt=\"\" decoding=\"async\" loading=\"lazy\" \/>                                                                        <p>\n                                        <p>World is committed to making participation in the event a harass ment free experience for everyone, regardless of level experience gender, gender identity and expression<\/p>                                    <\/p>\n                                    <div class=\"ts-speakers-social\">\n                                                                                                                                    <a href=\"#\" rel=\"noreferrer\" target=\"_blank\">\n                                                   <i class=\"icon icon-facebook\"><\/i>\n                                                <\/a>\n                                                                                            <a href=\"#\" rel=\"noreferrer\" target=\"_blank\">\n                                                   <i class=\"icon icon-twitter\"><\/i>\n                                                <\/a>\n                                                                                            <a href=\"#\" rel=\"noreferrer\" target=\"_blank\">\n                                                   <i class=\"icon icon-instagram\"><\/i>\n                                                <\/a>\n                                                                                            <a href=\"#\" rel=\"noreferrer\" target=\"_blank\">\n                                                   <i class=\"icon icon-linkedin\"><\/i>\n                                                <\/a>\n                                                                                                                        <\/div>\n                                <\/div>\n                                <!-- ts-speaker-popup-content end-->\n                            <\/div>\n                            <!-- col end-->\n                        <\/div>\n                        <!-- row end-->\n                    <\/div>\n                    <!-- popup end-->\n                <\/div>\n            <\/section>\n            <!-- ts-speaker end  -->\n        \n            \n            \n\n        \t\t<\/div>\n\t\t\t\t<\/div>\n\t\t\t\t\t\t<\/div>\n\t\t\t\t\t<\/div>\n\t\t<\/div>\n\t\t\t\t<div class=\"elementor-column elementor-col-25 elementor-inner-column elementor-element elementor-element-2dd08ac\" data-id=\"2dd08ac\" data-element_type=\"column\">\n\t\t\t<div class=\"elementor-column-wrap elementor-element-populated\">\n\t\t\t\t\t\t\t<div class=\"elementor-widget-wrap\">\n\t\t\t\t\t\t<div class=\"elementor-element elementor-element-d9f84f5 elementor-widget elementor-widget-exhibz-speaker\" data-id=\"d9f84f5\" data-element_type=\"widget\" data-settings=\"{&quot;ekit_we_effect_on&quot;:&quot;none&quot;}\" data-widget_type=\"exhibz-speaker.default\">\n\t\t\t\t<div class=\"elementor-widget-container\">\n\t\t\t            \n\n                        <section class=\"ts-speakers-standard ts-speakers speaker-classic section-bg\">\n                <div class=\"ts-speaker\" style=\"--speaker-color: #25cd44\">\n                    <div class=\"speaker-img\">\n                                                    <img width=\"555\" height=\"555\" src=\"https:\/\/he-bab03.ebau.at\/baufachkongress\/wp-content\/uploads\/2018\/12\/speaker7.jpg\" class=\"img-fluid\" alt=\"\" decoding=\"async\" loading=\"lazy\" srcset=\"https:\/\/he-bab03.ebau.at\/baufachkongress\/wp-content\/uploads\/2018\/12\/speaker7.jpg 555w, https:\/\/he-bab03.ebau.at\/baufachkongress\/wp-content\/uploads\/2018\/12\/speaker7-150x150.jpg 150w\" sizes=\"(max-width: 555px) 100vw, 555px\" \/>                                                <a href=\"#popup_d9f84f5244\"\n                           class=\"view-speaker ts-image-popup\" data-effect=\"mfp-zoom-in\">\n                            <i class=\"icon icon-plus\"><\/i>\n                        <\/a>\n                    <\/div>\n                    <div class=\"ts-speaker-info\">\n                        <h3 class=\"ts-title\"><a\n                                    href=\"https:\/\/he-bab03.ebau.at\/baufachkongress\/speaker\/laura-bryant\/\"> Laura Bryant <\/a>\n                        <\/h3>\n                        <p>\n                            Developer Expert                        <\/p>\n                    <\/div>\n                    <!--- speaker info end -->\n                    <!-- popup start-->\n                    <div id=\"popup_d9f84f5244\"\n                         class=\"container ts-speaker-popup mfp-hide\">\n                        <div class=\"row\">\n                            <div class=\"col-lg-6\">\n                                <div class=\"ts-speaker-popup-img\">\n                                                                            <img width=\"555\" height=\"555\" src=\"https:\/\/he-bab03.ebau.at\/baufachkongress\/wp-content\/uploads\/2018\/12\/speaker7.jpg\" class=\"attachment-full size-full\" alt=\"\" decoding=\"async\" loading=\"lazy\" srcset=\"https:\/\/he-bab03.ebau.at\/baufachkongress\/wp-content\/uploads\/2018\/12\/speaker7.jpg 555w, https:\/\/he-bab03.ebau.at\/baufachkongress\/wp-content\/uploads\/2018\/12\/speaker7-150x150.jpg 150w\" sizes=\"(max-width: 555px) 100vw, 555px\" \/>                                                                    <\/div>\n                            <\/div>\n                            <!-- col end-->\n                            <div class=\"col-lg-6\">\n                                <div class=\"ts-speaker-popup-content\">\n                                    <h3 class=\"ts-title\"><a\n                                                href=\"https:\/\/he-bab03.ebau.at\/baufachkongress\/speaker\/laura-bryant\/\"> Laura Bryant <\/a>\n                                    <\/h3>\n                                    <span class=\"speakder-designation\"> Developer Expert<\/span>\n                                    \n                                        <img width=\"141\" height=\"30\" src=\"https:\/\/he-bab03.ebau.at\/baufachkongress\/wp-content\/uploads\/2018\/12\/sponsor-6.png\" class=\"company-logo\" alt=\"\" decoding=\"async\" loading=\"lazy\" \/>                                                                        <p>\n                                        <p>World is committed to making participation in the event a harass ment free experience for everyone, regardless of level experience gender, gender identity and expression<\/p>                                    <\/p>\n                                    <div class=\"ts-speakers-social\">\n                                                                                                                                    <a href=\"#\" rel=\"noreferrer\" target=\"_blank\">\n                                                   <i class=\"icon icon-facebook\"><\/i>\n                                                <\/a>\n                                                                                            <a href=\"#\" rel=\"noreferrer\" target=\"_blank\">\n                                                   <i class=\"icon icon-twitter\"><\/i>\n                                                <\/a>\n                                                                                            <a href=\"#\" rel=\"noreferrer\" target=\"_blank\">\n                                                   <i class=\"icon icon-instagram\"><\/i>\n                                                <\/a>\n                                                                                            <a href=\"#\" rel=\"noreferrer\" target=\"_blank\">\n                                                   <i class=\"icon icon-linkedin\"><\/i>\n                                                <\/a>\n                                                                                                                        <\/div>\n                                <\/div>\n                                <!-- ts-speaker-popup-content end-->\n                            <\/div>\n                            <!-- col end-->\n                        <\/div>\n                        <!-- row end-->\n                    <\/div>\n                    <!-- popup end-->\n                <\/div>\n            <\/section>\n            <!-- ts-speaker end  -->\n        \n            \n            \n\n        \t\t<\/div>\n\t\t\t\t<\/div>\n\t\t\t\t\t\t<\/div>\n\t\t\t\t\t<\/div>\n\t\t<\/div>\n\t\t\t\t<div class=\"elementor-column elementor-col-25 elementor-inner-column elementor-element elementor-element-090bd51\" data-id=\"090bd51\" data-element_type=\"column\">\n\t\t\t<div class=\"elementor-column-wrap elementor-element-populated\">\n\t\t\t\t\t\t\t<div class=\"elementor-widget-wrap\">\n\t\t\t\t\t\t<div class=\"elementor-element elementor-element-8e9c775 elementor-widget elementor-widget-exhibz-speaker\" data-id=\"8e9c775\" data-element_type=\"widget\" data-settings=\"{&quot;ekit_we_effect_on&quot;:&quot;none&quot;}\" data-widget_type=\"exhibz-speaker.default\">\n\t\t\t\t<div class=\"elementor-widget-container\">\n\t\t\t            \n\n                        <section class=\"ts-speakers-standard ts-speakers speaker-classic section-bg\">\n                <div class=\"ts-speaker\" style=\"--speaker-color: #25cd44\">\n                    <div class=\"speaker-img\">\n                                                    <img width=\"555\" height=\"555\" src=\"https:\/\/he-bab03.ebau.at\/baufachkongress\/wp-content\/uploads\/2018\/12\/speaker8.jpg\" class=\"img-fluid\" alt=\"\" decoding=\"async\" loading=\"lazy\" \/>                                                <a href=\"#popup_8e9c775246\"\n                           class=\"view-speaker ts-image-popup\" data-effect=\"mfp-zoom-in\">\n                            <i class=\"icon icon-plus\"><\/i>\n                        <\/a>\n                    <\/div>\n                    <div class=\"ts-speaker-info\">\n                        <h3 class=\"ts-title\"><a\n                                    href=\"https:\/\/he-bab03.ebau.at\/baufachkongress\/speaker\/henrikon-robert\/\"> Henri Robert <\/a>\n                        <\/h3>\n                        <p>\n                            Founder, Cards                        <\/p>\n                    <\/div>\n                    <!--- speaker info end -->\n                    <!-- popup start-->\n                    <div id=\"popup_8e9c775246\"\n                         class=\"container ts-speaker-popup mfp-hide\">\n                        <div class=\"row\">\n                            <div class=\"col-lg-6\">\n                                <div class=\"ts-speaker-popup-img\">\n                                                                            <img width=\"555\" height=\"555\" src=\"https:\/\/he-bab03.ebau.at\/baufachkongress\/wp-content\/uploads\/2018\/12\/speaker8.jpg\" class=\"attachment-full size-full\" alt=\"\" decoding=\"async\" loading=\"lazy\" \/>                                                                    <\/div>\n                            <\/div>\n                            <!-- col end-->\n                            <div class=\"col-lg-6\">\n                                <div class=\"ts-speaker-popup-content\">\n                                    <h3 class=\"ts-title\"><a\n                                                href=\"https:\/\/he-bab03.ebau.at\/baufachkongress\/speaker\/henrikon-robert\/\"> Henri Robert <\/a>\n                                    <\/h3>\n                                    <span class=\"speakder-designation\"> Founder, Cards<\/span>\n                                    \n                                        <img width=\"141\" height=\"30\" src=\"https:\/\/he-bab03.ebau.at\/baufachkongress\/wp-content\/uploads\/2018\/12\/sponsor-6.png\" class=\"company-logo\" alt=\"\" decoding=\"async\" loading=\"lazy\" \/>                                                                        <p>\n                                        <p><div style=\"width: 800px;\" class=\"wp-video\"><!--[if lt IE 9]><script>document.createElement('video');<\/script><![endif]-->\n<video class=\"wp-video-shortcode\" id=\"video-280-1\" width=\"800\" height=\"450\" preload=\"metadata\" controls=\"controls\"><source type=\"video\/mp4\" src=\"https:\/\/he-bab03.ebau.at\/baufachkongress\/wp-content\/uploads\/2018\/12\/Schumann_Anmod_Patienten_20221110.mp4?_=1\" \/><a href=\"https:\/\/he-bab03.ebau.at\/baufachkongress\/wp-content\/uploads\/2018\/12\/Schumann_Anmod_Patienten_20221110.mp4\">https:\/\/he-bab03.ebau.at\/baufachkongress\/wp-content\/uploads\/2018\/12\/Schumann_Anmod_Patienten_20221110.mp4<\/a><\/video><\/div><\/p><p>World is committed to making participation in the event a harass ment free experience for everyone, regardless of level experience gender, gender identity and expression<\/p>                                    <\/p>\n                                    <div class=\"ts-speakers-social\">\n                                                                                                                                    <a href=\"#\" rel=\"noreferrer\" target=\"_blank\">\n                                                   <i class=\"icon icon-facebook\"><\/i>\n                                                <\/a>\n                                                                                            <a href=\"#\" rel=\"noreferrer\" target=\"_blank\">\n                                                   <i class=\"icon icon-twitter\"><\/i>\n                                                <\/a>\n                                                                                            <a href=\"#\" rel=\"noreferrer\" target=\"_blank\">\n                                                   <i class=\"icon icon-instagram\"><\/i>\n                                                <\/a>\n                                                                                            <a href=\"#\" rel=\"noreferrer\" target=\"_blank\">\n                                                   <i class=\"icon icon-linkedin\"><\/i>\n                                                <\/a>\n                                                                                                                        <\/div>\n                                <\/div>\n                                <!-- ts-speaker-popup-content end-->\n                            <\/div>\n                            <!-- col end-->\n                        <\/div>\n                        <!-- row end-->\n                    <\/div>\n                    <!-- popup end-->\n                <\/div>\n            <\/section>\n            <!-- ts-speaker end  -->\n        \n            \n            \n\n        \t\t<\/div>\n\t\t\t\t<\/div>\n\t\t\t\t\t\t<\/div>\n\t\t\t\t\t<\/div>\n\t\t<\/div>\n\t\t\t\t\t\t\t\t<\/div>\n\t\t\t\t\t<\/div>\n\t\t<\/section>\n\t\t\t\t\t\t<\/div>\n\t\t\t\t\t<\/div>\n\t\t<\/div>\n\t\t\t\t\t\t\t\t<\/div>\n\t\t\t\t\t<\/div>\n\t\t<\/section>\n\t\t\t\t<section class=\"elementor-section elementor-top-section elementor-element elementor-element-8521192 elementor-section-full_width elementor-section-height-default elementor-section-height-default\" data-id=\"8521192\" data-element_type=\"section\" data-settings=\"{&quot;background_background&quot;:&quot;gradient&quot;}\">\n\t\t\t\t\t\t<div class=\"elementor-container elementor-column-gap-default\">\n\t\t\t\t\t\t\t<div class=\"elementor-row\">\n\t\t\t\t\t<div class=\"elementor-column elementor-col-50 elementor-top-column elementor-element elementor-element-0a06dd1\" data-id=\"0a06dd1\" data-element_type=\"column\" data-settings=\"{&quot;background_background&quot;:&quot;classic&quot;}\">\n\t\t\t<div class=\"elementor-column-wrap elementor-element-populated\">\n\t\t\t\t\t\t\t<div class=\"elementor-widget-wrap\">\n\t\t\t\t\t\t<div class=\"elementor-element elementor-element-25da110 elementor-widget elementor-widget-image\" data-id=\"25da110\" data-element_type=\"widget\" data-settings=\"{&quot;ekit_we_effect_on&quot;:&quot;none&quot;}\" data-widget_type=\"image.default\">\n\t\t\t\t<div class=\"elementor-widget-container\">\n\t\t\t\t\t\t\t\t<div class=\"elementor-image\">\n\t\t\t\t\t\t\t\t\t\t\t\t<img decoding=\"async\" width=\"1920\" height=\"1280\" src=\"https:\/\/he-bab03.ebau.at\/baufachkongress\/wp-content\/uploads\/2022\/11\/MA-2.jpg\" class=\"attachment-large size-large\" alt=\"\" loading=\"lazy\" srcset=\"https:\/\/he-bab03.ebau.at\/baufachkongress\/wp-content\/uploads\/2022\/11\/MA-2.jpg 1920w, https:\/\/he-bab03.ebau.at\/baufachkongress\/wp-content\/uploads\/2022\/11\/MA-2-768x512.jpg 768w, https:\/\/he-bab03.ebau.at\/baufachkongress\/wp-content\/uploads\/2022\/11\/MA-2-1536x1024.jpg 1536w\" sizes=\"(max-width: 1920px) 100vw, 1920px\" \/>\t\t\t\t\t\t\t\t\t\t\t\t\t\t<\/div>\n\t\t\t\t\t\t<\/div>\n\t\t\t\t<\/div>\n\t\t\t\t\t\t<\/div>\n\t\t\t\t\t<\/div>\n\t\t<\/div>\n\t\t\t\t<div class=\"elementor-column elementor-col-50 elementor-top-column elementor-element elementor-element-64a41e9\" data-id=\"64a41e9\" data-element_type=\"column\" data-settings=\"{&quot;background_background&quot;:&quot;gradient&quot;}\">\n\t\t\t<div class=\"elementor-column-wrap elementor-element-populated\">\n\t\t\t\t\t<div class=\"elementor-background-overlay\"><\/div>\n\t\t\t\t\t\t\t<div class=\"elementor-widget-wrap\">\n\t\t\t\t\t\t<div class=\"elementor-element elementor-element-844cab8 elementor-invisible elementor-widget elementor-widget-text-editor\" data-id=\"844cab8\" data-element_type=\"widget\" data-settings=\"{&quot;_animation&quot;:&quot;slideInRight&quot;,&quot;_animation_delay&quot;:350,&quot;ekit_we_effect_on&quot;:&quot;none&quot;}\" data-widget_type=\"text-editor.default\">\n\t\t\t\t<div class=\"elementor-widget-container\">\n\t\t\t\t\t\t\t\t<div class=\"elementor-text-editor elementor-clearfix\">\n\t\t\t\t<p>\u00dcber Uns<\/p>\t\t\t\t\t<\/div>\n\t\t\t\t\t\t<\/div>\n\t\t\t\t<\/div>\n\t\t\t\t<div class=\"elementor-element elementor-element-29e6c39 elementor-invisible elementor-widget elementor-widget-heading\" data-id=\"29e6c39\" data-element_type=\"widget\" data-settings=\"{&quot;_animation&quot;:&quot;slideInRight&quot;,&quot;_animation_delay&quot;:350,&quot;ekit_we_effect_on&quot;:&quot;none&quot;}\" data-widget_type=\"heading.default\">\n\t\t\t\t<div class=\"elementor-widget-container\">\n\t\t\t<h3 class=\"elementor-heading-title elementor-size-default\">Erfahren Sie mehr \u00fcber das Team hinter dem Allg\u00e4uer Baufachkongeress<\/h3>\t\t<\/div>\n\t\t\t\t<\/div>\n\t\t\t\t<div class=\"elementor-element elementor-element-0eaa414 elementor-invisible elementor-widget elementor-widget-text-editor\" data-id=\"0eaa414\" data-element_type=\"widget\" data-settings=\"{&quot;_animation&quot;:&quot;slideInRight&quot;,&quot;_animation_delay&quot;:350,&quot;ekit_we_effect_on&quot;:&quot;none&quot;}\" data-widget_type=\"text-editor.default\">\n\t\t\t\t<div class=\"elementor-widget-container\">\n\t\t\t\t\t\t\t\t<div class=\"elementor-text-editor elementor-clearfix\">\n\t\t\t\t<p>How you transform your business as technology, consumer, habits industry dynamic s change? Find out from those leading the charge.<\/p>\t\t\t\t\t<\/div>\n\t\t\t\t\t\t<\/div>\n\t\t\t\t<\/div>\n\t\t\t\t\t\t<\/div>\n\t\t\t\t\t<\/div>\n\t\t<\/div>\n\t\t\t\t\t\t\t\t<\/div>\n\t\t\t\t\t<\/div>\n\t\t<\/section>\n\t\t\t\t<section class=\"elementor-section elementor-top-section elementor-element elementor-element-df410f9 elementor-section-boxed elementor-section-height-default elementor-section-height-default\" data-id=\"df410f9\" data-element_type=\"section\" data-settings=\"{&quot;background_background&quot;:&quot;classic&quot;}\">\n\t\t\t\t\t\t\t<div class=\"elementor-background-overlay\"><\/div>\n\t\t\t\t\t\t\t<div class=\"elementor-container elementor-column-gap-default\">\n\t\t\t\t\t\t\t<div class=\"elementor-row\">\n\t\t\t\t\t<div class=\"elementor-column elementor-col-100 elementor-top-column elementor-element elementor-element-41b08a8 elementor-invisible\" data-id=\"41b08a8\" data-element_type=\"column\" data-settings=\"{&quot;animation&quot;:&quot;slideInUp&quot;,&quot;animation_delay&quot;:350}\">\n\t\t\t<div class=\"elementor-column-wrap elementor-element-populated\">\n\t\t\t\t\t\t\t<div class=\"elementor-widget-wrap\">\n\t\t\t\t\t\t<div class=\"elementor-element elementor-element-2bbd676 elementor-invisible elementor-widget elementor-widget-exhibz-title\" data-id=\"2bbd676\" data-element_type=\"widget\" data-settings=\"{&quot;_animation&quot;:&quot;fadeInUp&quot;,&quot;ekit_we_effect_on&quot;:&quot;none&quot;}\" data-widget_type=\"exhibz-title.default\">\n\t\t\t\t<div class=\"elementor-widget-container\">\n\t\t\t\n    <div class=\"title-section-area\">\n        <h2 class=\"section-title\">\n            <span class=\"sub-title\">Teilnahmebedingungen<\/span>\n\t\t\tMelden Sie sich jetzt an        <\/h2>\n\t\t                    <span class=\"title-shape\">\n                  <svg xmlns='http:\/\/www.w3.org\/2000\/svg' xmlns:xlink='http:\/\/www.w3.org\/1999\/xlink' width='71px' height='11px'> <path fill-rule='evenodd' d='M59.669,10.710 L49.164,3.306 L39.428,10.681 L29.714,3.322 L20.006,10.682 L10.295,3.322 L1.185,10.228 L-0.010,8.578 L10.295,0.765 L20.006,8.125 L29.714,0.765 L39.428,8.125 L49.122,0.781 L59.680,8.223 L69.858,1.192 L70.982,2.895 L59.669,10.710 Z'\/><\/svg>\n            <\/span>\n                    <\/div><!-- Section title -->\n    \n    \n\n    \t\t<\/div>\n\t\t\t\t<\/div>\n\t\t\t\t<section class=\"elementor-section elementor-inner-section elementor-element elementor-element-aa9921e elementor-section-boxed elementor-section-height-default elementor-section-height-default\" data-id=\"aa9921e\" data-element_type=\"section\">\n\t\t\t\t\t\t<div class=\"elementor-container elementor-column-gap-default\">\n\t\t\t\t\t\t\t<div class=\"elementor-row\">\n\t\t\t\t\t<div class=\"elementor-column elementor-col-33 elementor-inner-column elementor-element elementor-element-c56fdfd\" data-id=\"c56fdfd\" data-element_type=\"column\">\n\t\t\t<div class=\"elementor-column-wrap elementor-element-populated\">\n\t\t\t\t\t\t\t<div class=\"elementor-widget-wrap\">\n\t\t\t\t\t\t<div class=\"elementor-element elementor-element-191a799 elementor-invisible elementor-widget elementor-widget-exhibz-pricing\" data-id=\"191a799\" data-element_type=\"widget\" data-settings=\"{&quot;_animation&quot;:&quot;fadeInUp&quot;,&quot;_animation_delay&quot;:350,&quot;ekit_we_effect_on&quot;:&quot;none&quot;}\" data-widget_type=\"exhibz-pricing.default\">\n\t\t\t\t<div class=\"elementor-widget-container\">\n\t\t\t                    <div class=\"pricing-item active  \">\n                <img decoding=\"async\" loading=\"lazy\" width=\"320\" height=\"13\" class=\"pricing-dot\" src=\"https:\/\/he-bab03.ebau.at\/baufachkongress\/wp-content\/themes\/exhibz\/assets\/images\/pricing\/dot.png\" alt=\"1 Tag\">\n                <div class=\"ts-pricing-box\">\n                    <div class=\"ts-pricing-header\">\n                        <h2 class=\"ts-pricing-name\"> 1 Tag <\/h2>\n                        <h3 class=\"ts-pricing-price\">\n                            <span class=\"currency\">\u20ac<\/span>170                        <\/h3>\n                    <\/div>\n                    <div class=\"ts-pricing-progress\">\n                        <p class=\"amount-progres-text\"><\/p>\n                        <div class=\"ts-progress\">\n                            <div class=\"ts-progress-inner\" style=\"width: 100%\"><\/div>\n                        <\/div>\n                        <p class=\"ts-pricing-value\">500\/500<\/p>\n                    <\/div>\n                    <div class=\"promotional-code\">\n                        <p class=\"promo-code-text\"> <\/p>\n                        <a target=\"_self\" rel=\"nofollow\" href=\"https:\/\/he-bab03.ebau.at\/baufachkongress\/pricing-table\/\" class=\"btn pricing-btn\">Ticket kaufen<\/a>\n                        <p class=\"vate-text\">Alle Preise verstehen sich zzgl. der gesetzlichen Mehrwertsteuer<\/p>\n                    <\/div>\n                <\/div>\n                <!-- ts pricing box-->\n                <img decoding=\"async\" loading=\"lazy\" width=\"320\" height=\"13\" class=\"pricing-dot1 \" src=\"https:\/\/he-bab03.ebau.at\/baufachkongress\/wp-content\/themes\/exhibz\/assets\/images\/pricing\/dot.png\" alt=\"1 Tag\">\n            <\/div>\n        \n\t\t<\/div>\n\t\t\t\t<\/div>\n\t\t\t\t\t\t<\/div>\n\t\t\t\t\t<\/div>\n\t\t<\/div>\n\t\t\t\t<div class=\"elementor-column elementor-col-33 elementor-inner-column elementor-element elementor-element-f09c6fc elementor-hidden-tablet elementor-hidden-mobile\" data-id=\"f09c6fc\" data-element_type=\"column\">\n\t\t\t<div class=\"elementor-column-wrap elementor-element-populated\">\n\t\t\t\t\t\t\t<div class=\"elementor-widget-wrap\">\n\t\t\t\t\t\t<div class=\"elementor-element elementor-element-e24ca43 elementor-invisible elementor-widget elementor-widget-exhibz-pricing\" data-id=\"e24ca43\" data-element_type=\"widget\" data-settings=\"{&quot;_animation&quot;:&quot;fadeInUp&quot;,&quot;_animation_delay&quot;:400,&quot;ekit_we_effect_on&quot;:&quot;none&quot;}\" data-widget_type=\"exhibz-pricing.default\">\n\t\t\t\t<div class=\"elementor-widget-container\">\n\t\t\t                    <div class=\"pricing-item active  \">\n                <img decoding=\"async\" loading=\"lazy\" width=\"320\" height=\"13\" class=\"pricing-dot\" src=\"https:\/\/he-bab03.ebau.at\/baufachkongress\/wp-content\/themes\/exhibz\/assets\/images\/pricing\/dot.png\" alt=\"2 Tage\">\n                <div class=\"ts-pricing-box\">\n                    <div class=\"ts-pricing-header\">\n                        <h2 class=\"ts-pricing-name\"> 2 Tage <\/h2>\n                        <h3 class=\"ts-pricing-price\">\n                            <span class=\"currency\">\u20ac<\/span>295                        <\/h3>\n                    <\/div>\n                    <div class=\"ts-pricing-progress\">\n                        <p class=\"amount-progres-text\"><\/p>\n                        <div class=\"ts-progress\">\n                            <div class=\"ts-progress-inner\" style=\"width: 70%\"><\/div>\n                        <\/div>\n                        <p class=\"ts-pricing-value\">350\/500<\/p>\n                    <\/div>\n                    <div class=\"promotional-code\">\n                        <p class=\"promo-code-text\"> <\/p>\n                        <a target=\"_self\" rel=\"nofollow\" href=\"https:\/\/he-bab03.ebau.at\/baufachkongress\/pricing-table\/\" class=\"btn pricing-btn\">Ticket kaufen<\/a>\n                        <p class=\"vate-text\">Alle Preise verstehen sich zzgl. der gesetzlichen Mehrwertsteuer<\/p>\n                    <\/div>\n                <\/div>\n                <!-- ts pricing box-->\n                <img decoding=\"async\" loading=\"lazy\" width=\"320\" height=\"13\" class=\"pricing-dot1 \" src=\"https:\/\/he-bab03.ebau.at\/baufachkongress\/wp-content\/themes\/exhibz\/assets\/images\/pricing\/dot.png\" alt=\"2 Tage\">\n            <\/div>\n        \n\t\t<\/div>\n\t\t\t\t<\/div>\n\t\t\t\t\t\t<\/div>\n\t\t\t\t\t<\/div>\n\t\t<\/div>\n\t\t\t\t<div class=\"elementor-column elementor-col-33 elementor-inner-column elementor-element elementor-element-c14fed5 elementor-hidden-mobile\" data-id=\"c14fed5\" data-element_type=\"column\">\n\t\t\t<div class=\"elementor-column-wrap elementor-element-populated\">\n\t\t\t\t\t\t\t<div class=\"elementor-widget-wrap\">\n\t\t\t\t\t\t<div class=\"elementor-element elementor-element-4211e8c elementor-invisible elementor-widget elementor-widget-exhibz-pricing\" data-id=\"4211e8c\" data-element_type=\"widget\" data-settings=\"{&quot;_animation&quot;:&quot;fadeInUp&quot;,&quot;_animation_delay&quot;:450,&quot;ekit_we_effect_on&quot;:&quot;none&quot;}\" data-widget_type=\"exhibz-pricing.default\">\n\t\t\t\t<div class=\"elementor-widget-container\">\n\t\t\t                    <div class=\"pricing-item active  \">\n                <img decoding=\"async\" loading=\"lazy\" width=\"320\" height=\"13\" class=\"pricing-dot\" src=\"https:\/\/he-bab03.ebau.at\/baufachkongress\/wp-content\/themes\/exhibz\/assets\/images\/pricing\/dot.png\" alt=\"3 Tage\">\n                <div class=\"ts-pricing-box\">\n                    <div class=\"ts-pricing-header\">\n                        <h2 class=\"ts-pricing-name\"> 3 Tage <\/h2>\n                        <h3 class=\"ts-pricing-price\">\n                            <span class=\"currency\">\u20ac<\/span>395                        <\/h3>\n                    <\/div>\n                    <div class=\"ts-pricing-progress\">\n                        <p class=\"amount-progres-text\"><\/p>\n                        <div class=\"ts-progress\">\n                            <div class=\"ts-progress-inner\" style=\"width: 50%\"><\/div>\n                        <\/div>\n                        <p class=\"ts-pricing-value\">250\/500<\/p>\n                    <\/div>\n                    <div class=\"promotional-code\">\n                        <p class=\"promo-code-text\"> <\/p>\n                        <a target=\"_self\" rel=\"nofollow\" href=\"https:\/\/he-bab03.ebau.at\/baufachkongress\/pricing-table\/\" class=\"btn pricing-btn\">Ticket kaufen<\/a>\n                        <p class=\"vate-text\">Alle Preise verstehen sich zzgl. der gesetzlichen Mehrwertsteuer<\/p>\n                    <\/div>\n                <\/div>\n                <!-- ts pricing box-->\n                <img decoding=\"async\" loading=\"lazy\" width=\"320\" height=\"13\" class=\"pricing-dot1 \" src=\"https:\/\/he-bab03.ebau.at\/baufachkongress\/wp-content\/themes\/exhibz\/assets\/images\/pricing\/dot.png\" alt=\"3 Tage\">\n            <\/div>\n        \n\t\t<\/div>\n\t\t\t\t<\/div>\n\t\t\t\t\t\t<\/div>\n\t\t\t\t\t<\/div>\n\t\t<\/div>\n\t\t\t\t\t\t\t\t<\/div>\n\t\t\t\t\t<\/div>\n\t\t<\/section>\n\t\t\t\t\t\t<\/div>\n\t\t\t\t\t<\/div>\n\t\t<\/div>\n\t\t\t\t\t\t\t\t<\/div>\n\t\t\t\t\t<\/div>\n\t\t<\/section>\n\t\t\t\t<section class=\"elementor-section elementor-top-section elementor-element elementor-element-fa5745a elementor-section-boxed elementor-section-height-default elementor-section-height-default elementor-invisible\" data-id=\"fa5745a\" data-element_type=\"section\" data-settings=\"{&quot;background_background&quot;:&quot;classic&quot;,&quot;animation&quot;:&quot;slideInUp&quot;,&quot;animation_delay&quot;:350}\">\n\t\t\t\t\t\t\t<div class=\"elementor-background-overlay\"><\/div>\n\t\t\t\t\t\t\t<div class=\"elementor-container elementor-column-gap-default\">\n\t\t\t\t\t\t\t<div class=\"elementor-row\">\n\t\t\t\t\t<div class=\"elementor-column elementor-col-100 elementor-top-column elementor-element elementor-element-3d1ba41\" data-id=\"3d1ba41\" data-element_type=\"column\">\n\t\t\t<div class=\"elementor-column-wrap elementor-element-populated\">\n\t\t\t\t\t\t\t<div class=\"elementor-widget-wrap\">\n\t\t\t\t\t\t<div class=\"elementor-element elementor-element-cf67784 elementor-widget elementor-widget-exhibz-title\" data-id=\"cf67784\" data-element_type=\"widget\" data-settings=\"{&quot;ekit_we_effect_on&quot;:&quot;none&quot;}\" data-widget_type=\"exhibz-title.default\">\n\t\t\t\t<div class=\"elementor-widget-container\">\n\t\t\t\n    <div class=\"title-section-area\">\n        <h2 class=\"section-title\">\n            <span class=\"sub-title\">INFORMATIONEN<\/span>\n\t\t\tAktuelles        <\/h2>\n\t\t                    <span class=\"title-shape\">\n                  <svg xmlns='http:\/\/www.w3.org\/2000\/svg' xmlns:xlink='http:\/\/www.w3.org\/1999\/xlink' width='71px' height='11px'> <path fill-rule='evenodd' d='M59.669,10.710 L49.164,3.306 L39.428,10.681 L29.714,3.322 L20.006,10.682 L10.295,3.322 L1.185,10.228 L-0.010,8.578 L10.295,0.765 L20.006,8.125 L29.714,0.765 L39.428,8.125 L49.122,0.781 L59.680,8.223 L69.858,1.192 L70.982,2.895 L59.669,10.710 Z'\/><\/svg>\n            <\/span>\n                    <\/div><!-- Section title -->\n    \n    \n\n    \t\t<\/div>\n\t\t\t\t<\/div>\n\t\t\t\t<div class=\"elementor-element elementor-element-1df16dc elementor-widget elementor-widget-exhibz-latestnews\" data-id=\"1df16dc\" data-element_type=\"widget\" data-settings=\"{&quot;ekit_we_effect_on&quot;:&quot;none&quot;}\" data-widget_type=\"exhibz-latestnews.default\">\n\t\t\t\t<div class=\"elementor-widget-container\">\n\t\t\t<div class=\"row\">\n     <div class=\"col-lg-4 fadeInUp\">\n      <div class=\"post\">\n                  <div class=\"post-media post-image\">\n            <a href=\"https:\/\/he-bab03.ebau.at\/baufachkongress\/met-gala-planner-to-the-oversee-inauguration-events-why-virtual-reality\/\">\n               <img decoding=\"async\" loading=\"lazy\" width=\"360\" height=\"202\" src=\"https:\/\/he-bab03.ebau.at\/baufachkongress\/wp-content\/uploads\/2019\/01\/Blog-1.jpg\" class=\"img-fluid\" alt=\"https:\/\/he-bab03.ebau.at\/baufachkongress\/author\/admin-kad\/\">\n            <\/a>\n         <\/div>\n                 <div class=\"post-body\">\n            <div class=\"post-meta\">\n                              <span class=\"post-author\">\n               <i class=\"icon icon-user\"><\/i> \n               <a href=\"https:\/\/he-bab03.ebau.at\/baufachkongress\/author\/admin-kad\/\"> Admin KAD<\/a>\n               <\/span>\n                \n               <span class=\"post-meta-date\">\n                <i class=\"icon icon-calendar\"><\/i>\n                  1. Januar 2019 \n               <\/span>\n            <\/div>\n            <div class=\"entry-header\">\n               <h2 class=\"entry-title\">\n                  <a href=\"https:\/\/he-bab03.ebau.at\/baufachkongress\/?post_type=post&p=352\">Met Gala planner to <\/a>\n               <\/h2>\n            <\/div>\n            <!-- header end -->\n            <div class=\"entry-content\">\n                              <p> There\u2019s such a thing as \u201ctoo much information\u201d, especially for   <\/p>\n                \n            <\/div>\n            <div class=\"post-footer\">\n                              <a href=\"https:\/\/he-bab03.ebau.at\/baufachkongress\/?post_type=post&p=352\" class=\"btn-link\"> Continue <i class=\"icon icon-arrow-right\"><\/i><\/a>\n                \n            <\/div>\n         <\/div>\n         <!-- post-body end -->\n      <\/div>\n      <!-- post end-->\n   <\/div>\n      <div class=\"col-lg-4 fadeInUp\">\n      <div class=\"post\">\n                  <div class=\"post-media post-image\">\n            <a href=\"https:\/\/he-bab03.ebau.at\/baufachkongress\/west-elm-at-evantor\/\">\n               <img decoding=\"async\" loading=\"lazy\" width=\"360\" height=\"202\" src=\"https:\/\/he-bab03.ebau.at\/baufachkongress\/wp-content\/uploads\/2019\/01\/Blog-2.jpg\" class=\"img-fluid\" alt=\"https:\/\/he-bab03.ebau.at\/baufachkongress\/author\/admin-kad\/\">\n            <\/a>\n         <\/div>\n                 <div class=\"post-body\">\n            <div class=\"post-meta\">\n                              <span class=\"post-author\">\n               <i class=\"icon icon-user\"><\/i> \n               <a href=\"https:\/\/he-bab03.ebau.at\/baufachkongress\/author\/admin-kad\/\"> Admin KAD<\/a>\n               <\/span>\n                \n               <span class=\"post-meta-date\">\n                <i class=\"icon icon-calendar\"><\/i>\n                  1. Januar 2019 \n               <\/span>\n            <\/div>\n            <div class=\"entry-header\">\n               <h2 class=\"entry-title\">\n                  <a href=\"https:\/\/he-bab03.ebau.at\/baufachkongress\/?post_type=post&p=361\">West Elm Exhibz light <\/a>\n               <\/h2>\n            <\/div>\n            <!-- header end -->\n            <div class=\"entry-content\">\n                              <p> There\u2019s such a thing as \u201ctoo much information\u201d, especially for   <\/p>\n                \n            <\/div>\n            <div class=\"post-footer\">\n                              <a href=\"https:\/\/he-bab03.ebau.at\/baufachkongress\/?post_type=post&p=361\" class=\"btn-link\"> Continue <i class=\"icon icon-arrow-right\"><\/i><\/a>\n                \n            <\/div>\n         <\/div>\n         <!-- post-body end -->\n      <\/div>\n      <!-- post end-->\n   <\/div>\n      <div class=\"col-lg-4 fadeInUp\">\n      <div class=\"post\">\n                  <div class=\"post-media post-image\">\n            <a href=\"https:\/\/he-bab03.ebau.at\/baufachkongress\/adding-a-new-digital\/\">\n               <img decoding=\"async\" loading=\"lazy\" width=\"360\" height=\"202\" src=\"https:\/\/he-bab03.ebau.at\/baufachkongress\/wp-content\/uploads\/2019\/01\/Blog-3.jpg\" class=\"img-fluid\" alt=\"https:\/\/he-bab03.ebau.at\/baufachkongress\/author\/admin-kad\/\">\n            <\/a>\n         <\/div>\n                 <div class=\"post-body\">\n            <div class=\"post-meta\">\n                              <span class=\"post-author\">\n               <i class=\"icon icon-user\"><\/i> \n               <a href=\"https:\/\/he-bab03.ebau.at\/baufachkongress\/author\/admin-kad\/\"> Admin KAD<\/a>\n               <\/span>\n                \n               <span class=\"post-meta-date\">\n                <i class=\"icon icon-calendar\"><\/i>\n                  1. Januar 2019 \n               <\/span>\n            <\/div>\n            <div class=\"entry-header\">\n               <h2 class=\"entry-title\">\n                  <a href=\"https:\/\/he-bab03.ebau.at\/baufachkongress\/?post_type=post&p=359\">New Digital Man beast <\/a>\n               <\/h2>\n            <\/div>\n            <!-- header end -->\n            <div class=\"entry-content\">\n                              <p> There\u2019s such a thing as \u201ctoo much information\u201d, especially for   <\/p>\n                \n            <\/div>\n            <div class=\"post-footer\">\n                              <a href=\"https:\/\/he-bab03.ebau.at\/baufachkongress\/?post_type=post&p=359\" class=\"btn-link\"> Continue <i class=\"icon icon-arrow-right\"><\/i><\/a>\n                \n            <\/div>\n         <\/div>\n         <!-- post-body end -->\n      <\/div>\n      <!-- post end-->\n   <\/div>\n    \n<\/div> <!-- row end -->\n   \t\t<\/div>\n\t\t\t\t<\/div>\n\t\t\t\t\t\t<\/div>\n\t\t\t\t\t<\/div>\n\t\t<\/div>\n\t\t\t\t\t\t\t\t<\/div>\n\t\t\t\t\t<\/div>\n\t\t<\/section>\n\t\t\t\t<section class=\"elementor-section elementor-top-section elementor-element elementor-element-52e9a7a elementor-section-boxed elementor-section-height-default elementor-section-height-default elementor-invisible\" data-id=\"52e9a7a\" data-element_type=\"section\" data-settings=\"{&quot;background_background&quot;:&quot;classic&quot;,&quot;animation&quot;:&quot;slideInUp&quot;,&quot;animation_delay&quot;:350}\">\n\t\t\t\t\t\t<div class=\"elementor-container elementor-column-gap-default\">\n\t\t\t\t\t\t\t<div class=\"elementor-row\">\n\t\t\t\t\t<div class=\"elementor-column elementor-col-100 elementor-top-column elementor-element elementor-element-71cb873\" data-id=\"71cb873\" data-element_type=\"column\">\n\t\t\t<div class=\"elementor-column-wrap elementor-element-populated\">\n\t\t\t\t\t\t\t<div class=\"elementor-widget-wrap\">\n\t\t\t\t\t\t<div class=\"elementor-element elementor-element-421f865 elementor-widget elementor-widget-menu-anchor\" data-id=\"421f865\" data-element_type=\"widget\" data-settings=\"{&quot;ekit_we_effect_on&quot;:&quot;none&quot;}\" data-widget_type=\"menu-anchor.default\">\n\t\t\t\t<div class=\"elementor-widget-container\">\n\t\t\t\t\t<div id=\"partner\" class=\"elementor-menu-anchor\"><\/div>\n\t\t\t\t<\/div>\n\t\t\t\t<\/div>\n\t\t\t\t<div class=\"elementor-element elementor-element-9271c93 elementor-widget elementor-widget-exhibz-title\" data-id=\"9271c93\" data-element_type=\"widget\" data-settings=\"{&quot;ekit_we_effect_on&quot;:&quot;none&quot;}\" data-widget_type=\"exhibz-title.default\">\n\t\t\t\t<div class=\"elementor-widget-container\">\n\t\t\t\n    <div class=\"title-section-area\">\n        <h2 class=\"section-title\">\n            <span class=\"sub-title\">Wer uns untert\u00fctzt<\/span>\n\t\t\tUnsere Partner        <\/h2>\n\t\t                    <span class=\"title-shape\">\n                  <svg xmlns='http:\/\/www.w3.org\/2000\/svg' xmlns:xlink='http:\/\/www.w3.org\/1999\/xlink' width='71px' height='11px'> <path fill-rule='evenodd' d='M59.669,10.710 L49.164,3.306 L39.428,10.681 L29.714,3.322 L20.006,10.682 L10.295,3.322 L1.185,10.228 L-0.010,8.578 L10.295,0.765 L20.006,8.125 L29.714,0.765 L39.428,8.125 L49.122,0.781 L59.680,8.223 L69.858,1.192 L70.982,2.895 L59.669,10.710 Z'\/><\/svg>\n            <\/span>\n                    <\/div><!-- Section title -->\n    \n    \n\n    \t\t<\/div>\n\t\t\t\t<\/div>\n\t\t\t\t<section class=\"elementor-section elementor-inner-section elementor-element elementor-element-7519cd1 elementor-section-content-middle elementor-section-boxed elementor-section-height-default elementor-section-height-default\" data-id=\"7519cd1\" data-element_type=\"section\" data-settings=\"{&quot;background_background&quot;:&quot;classic&quot;}\">\n\t\t\t\t\t\t<div class=\"elementor-container elementor-column-gap-default\">\n\t\t\t\t\t\t\t<div class=\"elementor-row\">\n\t\t\t\t\t<div class=\"elementor-column elementor-col-20 elementor-inner-column elementor-element elementor-element-6ed0541\" data-id=\"6ed0541\" data-element_type=\"column\">\n\t\t\t<div class=\"elementor-column-wrap elementor-element-populated\">\n\t\t\t\t\t\t\t<div class=\"elementor-widget-wrap\">\n\t\t\t\t\t\t<div class=\"elementor-element elementor-element-5e66db1 elementor-widget elementor-widget-image\" data-id=\"5e66db1\" data-element_type=\"widget\" data-settings=\"{&quot;ekit_we_effect_on&quot;:&quot;none&quot;}\" data-widget_type=\"image.default\">\n\t\t\t\t<div class=\"elementor-widget-container\">\n\t\t\t\t\t\t\t\t<div class=\"elementor-image\">\n\t\t\t\t\t\t\t\t\t\t\t\t\t<a href=\"https:\/\/www.ejot.de\/\" target=\"_blank\">\n\t\t\t\t\t\t\t<img decoding=\"async\" src=\"https:\/\/he-bab03.ebau.at\/baufachkongress\/wp-content\/uploads\/elementor\/thumbs\/ejot_logo_500x135-pxselsxqy5ahtvh6r68f11drtl20g147iqhwf5aerq.png\" title=\"ejot_logo_500x135\" alt=\"ejot_logo_500x135\" \/>\t\t\t\t\t\t\t\t<\/a>\n\t\t\t\t\t\t\t\t\t\t\t\t\t\t<\/div>\n\t\t\t\t\t\t<\/div>\n\t\t\t\t<\/div>\n\t\t\t\t\t\t<\/div>\n\t\t\t\t\t<\/div>\n\t\t<\/div>\n\t\t\t\t<div class=\"elementor-column elementor-col-20 elementor-inner-column elementor-element elementor-element-f2f1d1c\" data-id=\"f2f1d1c\" data-element_type=\"column\">\n\t\t\t<div class=\"elementor-column-wrap elementor-element-populated\">\n\t\t\t\t\t\t\t<div class=\"elementor-widget-wrap\">\n\t\t\t\t\t\t<div class=\"elementor-element elementor-element-2bb645e elementor-widget elementor-widget-image\" data-id=\"2bb645e\" data-element_type=\"widget\" data-settings=\"{&quot;ekit_we_effect_on&quot;:&quot;none&quot;}\" data-widget_type=\"image.default\">\n\t\t\t\t<div class=\"elementor-widget-container\">\n\t\t\t\t\t\t\t\t<div class=\"elementor-image\">\n\t\t\t\t\t\t\t\t\t\t\t\t\t<a href=\"https:\/\/gutex.de\/home\/\" target=\"_blank\">\n\t\t\t\t\t\t\t<img decoding=\"async\" src=\"https:\/\/he-bab03.ebau.at\/baufachkongress\/wp-content\/uploads\/elementor\/thumbs\/gutex_logo_500x135-pxselsxqy5ahtvh6r68f11drtl20g147iqhwf5aerq.png\" title=\"gutex_logo_500x135\" alt=\"gutex_logo_500x135\" \/>\t\t\t\t\t\t\t\t<\/a>\n\t\t\t\t\t\t\t\t\t\t\t\t\t\t<\/div>\n\t\t\t\t\t\t<\/div>\n\t\t\t\t<\/div>\n\t\t\t\t\t\t<\/div>\n\t\t\t\t\t<\/div>\n\t\t<\/div>\n\t\t\t\t<div class=\"elementor-column elementor-col-20 elementor-inner-column elementor-element elementor-element-35ef713\" data-id=\"35ef713\" data-element_type=\"column\">\n\t\t\t<div class=\"elementor-column-wrap elementor-element-populated\">\n\t\t\t\t\t\t\t<div class=\"elementor-widget-wrap\">\n\t\t\t\t\t\t<div class=\"elementor-element elementor-element-db034ad elementor-widget elementor-widget-image\" data-id=\"db034ad\" data-element_type=\"widget\" data-settings=\"{&quot;ekit_we_effect_on&quot;:&quot;none&quot;}\" data-widget_type=\"image.default\">\n\t\t\t\t<div class=\"elementor-widget-container\">\n\t\t\t\t\t\t\t\t<div class=\"elementor-image\">\n\t\t\t\t\t\t\t\t\t\t\t\t\t<a href=\"https:\/\/www.hirsch-porozell.de\/\" target=\"_blank\">\n\t\t\t\t\t\t\t<img decoding=\"async\" src=\"https:\/\/he-bab03.ebau.at\/baufachkongress\/wp-content\/uploads\/elementor\/thumbs\/hirsch-porozell_w-bg-logo_500x135-pxseltvl4zbs5hftlon1lj58eyxdnq7xuv5dwf90li.png\" title=\"hirsch-porozell_w-bg-logo_500x135\" alt=\"hirsch-porozell_w-bg-logo_500x135\" \/>\t\t\t\t\t\t\t\t<\/a>\n\t\t\t\t\t\t\t\t\t\t\t\t\t\t<\/div>\n\t\t\t\t\t\t<\/div>\n\t\t\t\t<\/div>\n\t\t\t\t\t\t<\/div>\n\t\t\t\t\t<\/div>\n\t\t<\/div>\n\t\t\t\t<div class=\"elementor-column elementor-col-20 elementor-inner-column elementor-element elementor-element-d7c276f\" data-id=\"d7c276f\" data-element_type=\"column\">\n\t\t\t<div class=\"elementor-column-wrap elementor-element-populated\">\n\t\t\t\t\t\t\t<div class=\"elementor-widget-wrap\">\n\t\t\t\t\t\t<div class=\"elementor-element elementor-element-85857e1 elementor-widget elementor-widget-image\" data-id=\"85857e1\" data-element_type=\"widget\" data-settings=\"{&quot;ekit_we_effect_on&quot;:&quot;none&quot;}\" data-widget_type=\"image.default\">\n\t\t\t\t<div class=\"elementor-widget-container\">\n\t\t\t\t\t\t\t\t<div class=\"elementor-image\">\n\t\t\t\t\t\t\t\t\t\t\t\t\t<a href=\"https:\/\/www.rockwool.com\/de\/\" target=\"_blank\">\n\t\t\t\t\t\t\t<img decoding=\"async\" src=\"https:\/\/he-bab03.ebau.at\/baufachkongress\/wp-content\/uploads\/elementor\/thumbs\/rockwool_logo_500x135-pxseltvl4zbs5hftlon1lj58eyxdnq7xuv5dwf90li.png\" title=\"rockwool_logo_500x135\" alt=\"rockwool_logo_500x135\" \/>\t\t\t\t\t\t\t\t<\/a>\n\t\t\t\t\t\t\t\t\t\t\t\t\t\t<\/div>\n\t\t\t\t\t\t<\/div>\n\t\t\t\t<\/div>\n\t\t\t\t\t\t<\/div>\n\t\t\t\t\t<\/div>\n\t\t<\/div>\n\t\t\t\t<div class=\"elementor-column elementor-col-20 elementor-inner-column elementor-element elementor-element-4596a4b\" data-id=\"4596a4b\" data-element_type=\"column\">\n\t\t\t<div class=\"elementor-column-wrap elementor-element-populated\">\n\t\t\t\t\t\t\t<div class=\"elementor-widget-wrap\">\n\t\t\t\t\t\t<div class=\"elementor-element elementor-element-0d0ba32 elementor-widget elementor-widget-image\" data-id=\"0d0ba32\" data-element_type=\"widget\" data-settings=\"{&quot;ekit_we_effect_on&quot;:&quot;none&quot;}\" data-widget_type=\"image.default\">\n\t\t\t\t<div class=\"elementor-widget-container\">\n\t\t\t\t\t\t\t\t<div class=\"elementor-image\">\n\t\t\t\t\t\t\t\t\t\t\t\t\t<a href=\"https:\/\/www.roeben.com\/de\" target=\"_blank\">\n\t\t\t\t\t\t\t<img decoding=\"async\" src=\"https:\/\/he-bab03.ebau.at\/baufachkongress\/wp-content\/uploads\/elementor\/thumbs\/roeben_logo_500x135-pxselutfbtd2h3egg71o60wp0csqvfbo6zsvdp7mfa.png\" title=\"roeben_logo_500x135\" alt=\"roeben_logo_500x135\" \/>\t\t\t\t\t\t\t\t<\/a>\n\t\t\t\t\t\t\t\t\t\t\t\t\t\t<\/div>\n\t\t\t\t\t\t<\/div>\n\t\t\t\t<\/div>\n\t\t\t\t\t\t<\/div>\n\t\t\t\t\t<\/div>\n\t\t<\/div>\n\t\t\t\t\t\t\t\t<\/div>\n\t\t\t\t\t<\/div>\n\t\t<\/section>\n\t\t\t\t<section class=\"elementor-section elementor-inner-section elementor-element elementor-element-21aaaaa elementor-section-content-middle elementor-section-boxed elementor-section-height-default elementor-section-height-default\" data-id=\"21aaaaa\" data-element_type=\"section\">\n\t\t\t\t\t\t<div class=\"elementor-container elementor-column-gap-default\">\n\t\t\t\t\t\t\t<div class=\"elementor-row\">\n\t\t\t\t\t<div class=\"elementor-column elementor-col-16 elementor-inner-column elementor-element elementor-element-d842427\" data-id=\"d842427\" data-element_type=\"column\">\n\t\t\t<div class=\"elementor-column-wrap\">\n\t\t\t\t\t\t\t<div class=\"elementor-widget-wrap\">\n\t\t\t\t\t\t\t\t<\/div>\n\t\t\t\t\t<\/div>\n\t\t<\/div>\n\t\t\t\t<div class=\"elementor-column elementor-col-16 elementor-inner-column elementor-element elementor-element-3558c74\" data-id=\"3558c74\" data-element_type=\"column\">\n\t\t\t<div class=\"elementor-column-wrap elementor-element-populated\">\n\t\t\t\t\t\t\t<div class=\"elementor-widget-wrap\">\n\t\t\t\t\t\t<div class=\"elementor-element elementor-element-f828833 elementor-widget elementor-widget-image\" data-id=\"f828833\" data-element_type=\"widget\" data-settings=\"{&quot;ekit_we_effect_on&quot;:&quot;none&quot;}\" data-widget_type=\"image.default\">\n\t\t\t\t<div class=\"elementor-widget-container\">\n\t\t\t\t\t\t\t\t<div class=\"elementor-image\">\n\t\t\t\t\t\t\t\t\t\t\t\t\t<a href=\"https:\/\/bauverlag.de\/\" target=\"_blank\">\n\t\t\t\t\t\t\t<img decoding=\"async\" src=\"https:\/\/he-bab03.ebau.at\/baufachkongress\/wp-content\/uploads\/elementor\/thumbs\/bauverlag-w-bg_logo_500x135-pxselsxqy5ahtvh6r68f11drtl20g147iqhwf5aerq.png\" title=\"bauverlag-w-bg_logo_500x135\" alt=\"bauverlag-w-bg_logo_500x135\" \/>\t\t\t\t\t\t\t\t<\/a>\n\t\t\t\t\t\t\t\t\t\t\t\t\t\t<\/div>\n\t\t\t\t\t\t<\/div>\n\t\t\t\t<\/div>\n\t\t\t\t\t\t<\/div>\n\t\t\t\t\t<\/div>\n\t\t<\/div>\n\t\t\t\t<div class=\"elementor-column elementor-col-16 elementor-inner-column elementor-element elementor-element-a775946\" data-id=\"a775946\" data-element_type=\"column\">\n\t\t\t<div class=\"elementor-column-wrap elementor-element-populated\">\n\t\t\t\t\t\t\t<div class=\"elementor-widget-wrap\">\n\t\t\t\t\t\t<div class=\"elementor-element elementor-element-e59f1ce elementor-widget elementor-widget-image\" data-id=\"e59f1ce\" data-element_type=\"widget\" data-settings=\"{&quot;ekit_we_effect_on&quot;:&quot;none&quot;}\" data-widget_type=\"image.default\">\n\t\t\t\t<div class=\"elementor-widget-container\">\n\t\t\t\t\t\t\t\t<div class=\"elementor-image\">\n\t\t\t\t\t\t\t\t\t\t\t\t\t<a href=\"https:\/\/www.ausbauundfassade.de\/\" target=\"_blank\">\n\t\t\t\t\t\t\t<img decoding=\"async\" src=\"https:\/\/he-bab03.ebau.at\/baufachkongress\/wp-content\/uploads\/elementor\/thumbs\/ausbau-und-fassade_logo_500x135-pxselsxqy5ahtvh6r68f11drtl20g147iqhwf5aerq.png\" title=\"ausbau-und-fassade_logo_500x135\" alt=\"ausbau-und-fassade_logo_500x135\" \/>\t\t\t\t\t\t\t\t<\/a>\n\t\t\t\t\t\t\t\t\t\t\t\t\t\t<\/div>\n\t\t\t\t\t\t<\/div>\n\t\t\t\t<\/div>\n\t\t\t\t\t\t<\/div>\n\t\t\t\t\t<\/div>\n\t\t<\/div>\n\t\t\t\t<div class=\"elementor-column elementor-col-16 elementor-inner-column elementor-element elementor-element-5b89cd6\" data-id=\"5b89cd6\" data-element_type=\"column\">\n\t\t\t<div class=\"elementor-column-wrap elementor-element-populated\">\n\t\t\t\t\t\t\t<div class=\"elementor-widget-wrap\">\n\t\t\t\t\t\t<div class=\"elementor-element elementor-element-7516593 elementor-widget elementor-widget-image\" data-id=\"7516593\" data-element_type=\"widget\" data-settings=\"{&quot;ekit_we_effect_on&quot;:&quot;none&quot;}\" data-widget_type=\"image.default\">\n\t\t\t\t<div class=\"elementor-widget-container\">\n\t\t\t\t\t\t\t\t<div class=\"elementor-image\">\n\t\t\t\t\t\t\t\t\t\t\t\t\t<a href=\"https:\/\/www.baustoffmarkt-online.de\/\" target=\"_blank\">\n\t\t\t\t\t\t\t<img decoding=\"async\" src=\"https:\/\/he-bab03.ebau.at\/baufachkongress\/wp-content\/uploads\/elementor\/thumbs\/baustoffmarkt_logo_500x135-pxselsxqy5ahtvh6r68f11drtl20g147iqhwf5aerq.png\" title=\"baustoffmarkt_logo_500x135\" alt=\"baustoffmarkt_logo_500x135\" \/>\t\t\t\t\t\t\t\t<\/a>\n\t\t\t\t\t\t\t\t\t\t\t\t\t\t<\/div>\n\t\t\t\t\t\t<\/div>\n\t\t\t\t<\/div>\n\t\t\t\t\t\t<\/div>\n\t\t\t\t\t<\/div>\n\t\t<\/div>\n\t\t\t\t<div class=\"elementor-column elementor-col-16 elementor-inner-column elementor-element elementor-element-179c99a\" data-id=\"179c99a\" data-element_type=\"column\">\n\t\t\t<div class=\"elementor-column-wrap elementor-element-populated\">\n\t\t\t\t\t\t\t<div class=\"elementor-widget-wrap\">\n\t\t\t\t\t\t<div class=\"elementor-element elementor-element-a0856af elementor-widget elementor-widget-image\" data-id=\"a0856af\" data-element_type=\"widget\" data-settings=\"{&quot;ekit_we_effect_on&quot;:&quot;none&quot;}\" data-widget_type=\"image.default\">\n\t\t\t\t<div class=\"elementor-widget-container\">\n\t\t\t\t\t\t\t\t<div class=\"elementor-image\">\n\t\t\t\t\t\t\t\t\t\t\t\t\t<a href=\"https:\/\/www.mappe.de\/\" target=\"_blank\">\n\t\t\t\t\t\t\t<img decoding=\"async\" src=\"https:\/\/he-bab03.ebau.at\/baufachkongress\/wp-content\/uploads\/elementor\/thumbs\/mappe-w-bg_logo_500x135-pxseltvl4zbs5hftlon1lj58eyxdnq7xuv5dwf90li.png\" title=\"mappe-w-bg_logo_500x135\" alt=\"mappe-w-bg_logo_500x135\" \/>\t\t\t\t\t\t\t\t<\/a>\n\t\t\t\t\t\t\t\t\t\t\t\t\t\t<\/div>\n\t\t\t\t\t\t<\/div>\n\t\t\t\t<\/div>\n\t\t\t\t\t\t<\/div>\n\t\t\t\t\t<\/div>\n\t\t<\/div>\n\t\t\t\t<div class=\"elementor-column elementor-col-16 elementor-inner-column elementor-element elementor-element-3b3e0f8\" data-id=\"3b3e0f8\" data-element_type=\"column\">\n\t\t\t<div class=\"elementor-column-wrap\">\n\t\t\t\t\t\t\t<div class=\"elementor-widget-wrap\">\n\t\t\t\t\t\t\t\t<\/div>\n\t\t\t\t\t<\/div>\n\t\t<\/div>\n\t\t\t\t\t\t\t\t<\/div>\n\t\t\t\t\t<\/div>\n\t\t<\/section>\n\t\t\t\t\t\t<\/div>\n\t\t\t\t\t<\/div>\n\t\t<\/div>\n\t\t\t\t\t\t\t\t<\/div>\n\t\t\t\t\t<\/div>\n\t\t<\/section>\n\t\t\t\t<section class=\"elementor-section elementor-top-section elementor-element elementor-element-a05bd5f elementor-section-boxed elementor-section-height-default elementor-section-height-default elementor-invisible\" data-id=\"a05bd5f\" data-element_type=\"section\" data-settings=\"{&quot;animation_delay&quot;:350,&quot;animation&quot;:&quot;slideInUp&quot;}\">\n\t\t\t\t\t\t<div class=\"elementor-container elementor-column-gap-default\">\n\t\t\t\t\t\t\t<div class=\"elementor-row\">\n\t\t\t\t\t<div class=\"elementor-column elementor-col-100 elementor-top-column elementor-element elementor-element-dc6a655\" data-id=\"dc6a655\" data-element_type=\"column\">\n\t\t\t<div class=\"elementor-column-wrap elementor-element-populated\">\n\t\t\t\t\t\t\t<div class=\"elementor-widget-wrap\">\n\t\t\t\t\t\t<div class=\"elementor-element elementor-element-7d44327 elementor-widget elementor-widget-menu-anchor\" data-id=\"7d44327\" data-element_type=\"widget\" data-settings=\"{&quot;ekit_we_effect_on&quot;:&quot;none&quot;}\" data-widget_type=\"menu-anchor.default\">\n\t\t\t\t<div class=\"elementor-widget-container\">\n\t\t\t\t\t<div id=\"unterkunft\" class=\"elementor-menu-anchor\"><\/div>\n\t\t\t\t<\/div>\n\t\t\t\t<\/div>\n\t\t\t\t<div class=\"elementor-element elementor-element-4081ac0 elementor-widget elementor-widget-exhibz-title\" data-id=\"4081ac0\" data-element_type=\"widget\" data-settings=\"{&quot;ekit_we_effect_on&quot;:&quot;none&quot;}\" data-widget_type=\"exhibz-title.default\">\n\t\t\t\t<div class=\"elementor-widget-container\">\n\t\t\t\n    <div class=\"title-section-area\">\n        <h2 class=\"section-title\">\n            <span class=\"sub-title\">Unterkunft<\/span>\n\t\t\tZIMMERRESERVIERUNG        <\/h2>\n\t\t                    <span class=\"title-shape\">\n                  <svg xmlns='http:\/\/www.w3.org\/2000\/svg' xmlns:xlink='http:\/\/www.w3.org\/1999\/xlink' width='71px' height='11px'> <path fill-rule='evenodd' d='M59.669,10.710 L49.164,3.306 L39.428,10.681 L29.714,3.322 L20.006,10.682 L10.295,3.322 L1.185,10.228 L-0.010,8.578 L10.295,0.765 L20.006,8.125 L29.714,0.765 L39.428,8.125 L49.122,0.781 L59.680,8.223 L69.858,1.192 L70.982,2.895 L59.669,10.710 Z'\/><\/svg>\n            <\/span>\n                    <\/div><!-- Section title -->\n    \n    \n\n    \t\t<\/div>\n\t\t\t\t<\/div>\n\t\t\t\t<div class=\"elementor-element elementor-element-f5a3ec0 elementor-widget elementor-widget-text-editor\" data-id=\"f5a3ec0\" data-element_type=\"widget\" data-settings=\"{&quot;ekit_we_effect_on&quot;:&quot;none&quot;}\" data-widget_type=\"text-editor.default\">\n\t\t\t\t<div class=\"elementor-widget-container\">\n\t\t\t\t\t\t\t\t<div class=\"elementor-text-editor elementor-clearfix\">\n\t\t\t\t<p>Ihre Zimmerreservierung nehmen Sie bitte direkt in Oberstdorf und Umgebung vor. <\/p>\t\t\t\t\t<\/div>\n\t\t\t\t\t\t<\/div>\n\t\t\t\t<\/div>\n\t\t\t\t<div class=\"elementor-element elementor-element-968e288 elementor-widget elementor-widget-html\" data-id=\"968e288\" data-element_type=\"widget\" data-settings=\"{&quot;ekit_we_effect_on&quot;:&quot;none&quot;}\" data-widget_type=\"html.default\">\n\t\t\t\t<div class=\"elementor-widget-container\">\n\t\t\t<iframe loading=\"lazy\" src=\"https:\/\/www.oberstdorf.de\/aktuell\/veranstaltungen\/allgaeuer-baufachkongress.html\" width=\"900\" height=\"700\" allow=\"fullscreen\"><\/iframe>\t\t<\/div>\n\t\t\t\t<\/div>\n\t\t\t\t\t\t<\/div>\n\t\t\t\t\t<\/div>\n\t\t<\/div>\n\t\t\t\t\t\t\t\t<\/div>\n\t\t\t\t\t<\/div>\n\t\t<\/section>\n\t\t\t\t<section class=\"elementor-section elementor-top-section elementor-element elementor-element-e108549 elementor-section-boxed elementor-section-height-default elementor-section-height-default elementor-invisible\" data-id=\"e108549\" data-element_type=\"section\" data-settings=\"{&quot;background_background&quot;:&quot;classic&quot;,&quot;animation&quot;:&quot;slideInUp&quot;,&quot;animation_delay&quot;:350}\">\n\t\t\t\t\t\t<div class=\"elementor-container elementor-column-gap-default\">\n\t\t\t\t\t\t\t<div class=\"elementor-row\">\n\t\t\t\t\t<div class=\"elementor-column elementor-col-100 elementor-top-column elementor-element elementor-element-cd96e59\" data-id=\"cd96e59\" data-element_type=\"column\">\n\t\t\t<div class=\"elementor-column-wrap elementor-element-populated\">\n\t\t\t\t\t\t\t<div class=\"elementor-widget-wrap\">\n\t\t\t\t\t\t<div class=\"elementor-element elementor-element-e5d3354 elementor-widget elementor-widget-menu-anchor\" data-id=\"e5d3354\" data-element_type=\"widget\" data-settings=\"{&quot;ekit_we_effect_on&quot;:&quot;none&quot;}\" data-widget_type=\"menu-anchor.default\">\n\t\t\t\t<div class=\"elementor-widget-container\">\n\t\t\t\t\t<div id=\"kontakt\" class=\"elementor-menu-anchor\"><\/div>\n\t\t\t\t<\/div>\n\t\t\t\t<\/div>\n\t\t\t\t<div class=\"elementor-element elementor-element-996623e elementor-widget elementor-widget-exhibz-title\" data-id=\"996623e\" data-element_type=\"widget\" data-settings=\"{&quot;ekit_we_effect_on&quot;:&quot;none&quot;}\" data-widget_type=\"exhibz-title.default\">\n\t\t\t\t<div class=\"elementor-widget-container\">\n\t\t\t\n    <div class=\"title-section-area\">\n        <h2 class=\"section-title\">\n            <span class=\"sub-title\">Kontakt<\/span>\n\t\t\tWir stehen Ihnen f\u00fcr Fragen immer zur Seite        <\/h2>\n\t\t                    <span class=\"title-shape\">\n                  <svg xmlns='http:\/\/www.w3.org\/2000\/svg' xmlns:xlink='http:\/\/www.w3.org\/1999\/xlink' width='71px' height='11px'> <path fill-rule='evenodd' d='M59.669,10.710 L49.164,3.306 L39.428,10.681 L29.714,3.322 L20.006,10.682 L10.295,3.322 L1.185,10.228 L-0.010,8.578 L10.295,0.765 L20.006,8.125 L29.714,0.765 L39.428,8.125 L49.122,0.781 L59.680,8.223 L69.858,1.192 L70.982,2.895 L59.669,10.710 Z'\/><\/svg>\n            <\/span>\n                    <\/div><!-- Section title -->\n    \n    \n\n    \t\t<\/div>\n\t\t\t\t<\/div>\n\t\t\t\t<section class=\"elementor-section elementor-inner-section elementor-element elementor-element-dde78b6 elementor-section-boxed elementor-section-height-default elementor-section-height-default\" data-id=\"dde78b6\" data-element_type=\"section\">\n\t\t\t\t\t\t<div class=\"elementor-container elementor-column-gap-default\">\n\t\t\t\t\t\t\t<div class=\"elementor-row\">\n\t\t\t\t\t<div class=\"elementor-column elementor-col-50 elementor-inner-column elementor-element elementor-element-57ba728\" data-id=\"57ba728\" data-element_type=\"column\">\n\t\t\t<div class=\"elementor-column-wrap elementor-element-populated\">\n\t\t\t\t\t\t\t<div class=\"elementor-widget-wrap\">\n\t\t\t\t\t\t<div class=\"elementor-element elementor-element-44d14cd elementor-widget elementor-widget-exhibz-feature\" data-id=\"44d14cd\" data-element_type=\"widget\" data-settings=\"{&quot;ekit_we_effect_on&quot;:&quot;none&quot;}\" data-widget_type=\"exhibz-feature.default\">\n\t\t\t\t<div class=\"elementor-widget-container\">\n\t\t\t \n    \n    \n\t\t\t<div class=\"single-intro-text single-contact-feature\">\n\t\t\t<h3 class=\"ts-title\">Kongressleitung<\/h3>\n\t\t\t<p>\n\t\t\t\t<strong>Heike von K\u00fcstenfeld<\/strong> <br>\n<strong>Telefon:<\/strong> +49 8324 921-1261<\/br>\n<strong>E-Mail:<\/strong> Heike.Kuestenfeld@Baumit.de<\/br>\t\t\t<\/p>\n\t\t\t<span class=\"count-number fa fa-info-circle\">\n\t\t\t\t\n\t\t\t<\/span>\n\t\t<\/div>\n    \n\t\n\t \n\n    \n    \t\t<\/div>\n\t\t\t\t<\/div>\n\t\t\t\t\t\t<\/div>\n\t\t\t\t\t<\/div>\n\t\t<\/div>\n\t\t\t\t<div class=\"elementor-column elementor-col-50 elementor-inner-column elementor-element elementor-element-316e80e\" data-id=\"316e80e\" data-element_type=\"column\">\n\t\t\t<div class=\"elementor-column-wrap elementor-element-populated\">\n\t\t\t\t\t\t\t<div class=\"elementor-widget-wrap\">\n\t\t\t\t\t\t<div class=\"elementor-element elementor-element-413a853 elementor-widget elementor-widget-exhibz-feature\" data-id=\"413a853\" data-element_type=\"widget\" data-settings=\"{&quot;ekit_we_effect_on&quot;:&quot;none&quot;}\" data-widget_type=\"exhibz-feature.default\">\n\t\t\t\t<div class=\"elementor-widget-container\">\n\t\t\t \n    \n    \n\t\t\t<div class=\"single-intro-text single-contact-feature\">\n\t\t\t<h3 class=\"ts-title\">Kongressb\u00fcro<\/h3>\n\t\t\t<p>\n\t\t\t\t<strong>Birgit Maier <\/strong> <br>\n<strong>Telefon:<\/strong> +49 8324 921-1261<\/br>\n<strong>E-Mail:<\/strong> Birgit.Maier@Baumit.de<\/br>\t\t\t<\/p>\n\t\t\t<span class=\"count-number \">\n\t\t\t\t\n\t\t\t<\/span>\n\t\t<\/div>\n    \n\t\n\t \n\n    \n    \t\t<\/div>\n\t\t\t\t<\/div>\n\t\t\t\t\t\t<\/div>\n\t\t\t\t\t<\/div>\n\t\t<\/div>\n\t\t\t\t\t\t\t\t<\/div>\n\t\t\t\t\t<\/div>\n\t\t<\/section>\n\t\t\t\t\t\t<\/div>\n\t\t\t\t\t<\/div>\n\t\t<\/div>\n\t\t\t\t\t\t\t\t<\/div>\n\t\t\t\t\t<\/div>\n\t\t<\/section>\n\t\t\t\t<section class=\"elementor-section elementor-top-section elementor-element elementor-element-8cc13e8 elementor-section-boxed elementor-section-height-default elementor-section-height-default elementor-invisible\" data-id=\"8cc13e8\" data-element_type=\"section\" data-settings=\"{&quot;background_background&quot;:&quot;classic&quot;,&quot;animation&quot;:&quot;slideInUp&quot;,&quot;animation_delay&quot;:350}\">\n\t\t\t\t\t\t<div class=\"elementor-container elementor-column-gap-default\">\n\t\t\t\t\t\t\t<div class=\"elementor-row\">\n\t\t\t\t\t<div class=\"elementor-column elementor-col-100 elementor-top-column elementor-element elementor-element-32a50d4\" data-id=\"32a50d4\" data-element_type=\"column\">\n\t\t\t<div class=\"elementor-column-wrap elementor-element-populated\">\n\t\t\t\t\t\t\t<div class=\"elementor-widget-wrap\">\n\t\t\t\t\t\t<div class=\"elementor-element elementor-element-3f30770 elementor-widget elementor-widget-exhibz-title\" data-id=\"3f30770\" data-element_type=\"widget\" data-settings=\"{&quot;ekit_we_effect_on&quot;:&quot;none&quot;}\" data-widget_type=\"exhibz-title.default\">\n\t\t\t\t<div class=\"elementor-widget-container\">\n\t\t\t\n    <div class=\"title-section-area\">\n        <h2 class=\"section-title\">\n            <span class=\"sub-title\">Anfahrt<\/span>\n\t\t\tWie Sie zum Allg\u00e4uer Baufachkongress kommen        <\/h2>\n\t\t                    <span class=\"title-shape\">\n                  <svg xmlns='http:\/\/www.w3.org\/2000\/svg' xmlns:xlink='http:\/\/www.w3.org\/1999\/xlink' width='71px' height='11px'> <path fill-rule='evenodd' d='M59.669,10.710 L49.164,3.306 L39.428,10.681 L29.714,3.322 L20.006,10.682 L10.295,3.322 L1.185,10.228 L-0.010,8.578 L10.295,0.765 L20.006,8.125 L29.714,0.765 L39.428,8.125 L49.122,0.781 L59.680,8.223 L69.858,1.192 L70.982,2.895 L59.669,10.710 Z'\/><\/svg>\n            <\/span>\n                    <\/div><!-- Section title -->\n    \n    \n\n    \t\t<\/div>\n\t\t\t\t<\/div>\n\t\t\t\t<section class=\"elementor-section elementor-inner-section elementor-element elementor-element-af76fe4 elementor-section-boxed elementor-section-height-default elementor-section-height-default\" data-id=\"af76fe4\" data-element_type=\"section\">\n\t\t\t\t\t\t<div class=\"elementor-container elementor-column-gap-default\">\n\t\t\t\t\t\t\t<div class=\"elementor-row\">\n\t\t\t\t\t<div class=\"elementor-column elementor-col-50 elementor-inner-column elementor-element elementor-element-0ce7970\" data-id=\"0ce7970\" data-element_type=\"column\">\n\t\t\t<div class=\"elementor-column-wrap elementor-element-populated\">\n\t\t\t\t\t\t\t<div class=\"elementor-widget-wrap\">\n\t\t\t\t\t\t<div class=\"elementor-element elementor-element-65a09a67 ts-map-tabs elementor-tabs-view-horizontal elementor-invisible elementor-widget elementor-widget-tabs\" data-id=\"65a09a67\" data-element_type=\"widget\" data-settings=\"{&quot;_animation&quot;:&quot;fadeIn&quot;,&quot;ekit_we_effect_on&quot;:&quot;none&quot;}\" data-widget_type=\"tabs.default\">\n\t\t\t\t<div class=\"elementor-widget-container\">\n\t\t\t\t\t<div class=\"elementor-tabs\">\n\t\t\t<div class=\"elementor-tabs-wrapper\" role=\"tablist\" >\n\t\t\t\t\t\t\t\t\t<div id=\"elementor-tab-title-1701\" class=\"elementor-tab-title elementor-tab-desktop-title\" aria-selected=\"true\" data-tab=\"1\" role=\"tab\" tabindex=\"0\" aria-controls=\"elementor-tab-content-1701\" aria-expanded=\"false\"><a href=\"\">Veranstaltungsort<\/a><\/div>\n\t\t\t\t\t\t\t\t\t<div id=\"elementor-tab-title-1702\" class=\"elementor-tab-title elementor-tab-desktop-title\" aria-selected=\"false\" data-tab=\"2\" role=\"tab\" tabindex=\"-1\" aria-controls=\"elementor-tab-content-1702\" aria-expanded=\"false\"><a href=\"\">Parken<\/a><\/div>\n\t\t\t\t\t\t\t<\/div>\n\t\t\t<div class=\"elementor-tabs-content-wrapper\" role=\"tablist\" aria-orientation=\"vertical\">\n\t\t\t\t\t\t\t\t\t<div class=\"elementor-tab-title elementor-tab-mobile-title\" aria-selected=\"true\" data-tab=\"1\" role=\"tab\" tabindex=\"0\" aria-controls=\"elementor-tab-content-1701\" aria-expanded=\"false\">Veranstaltungsort<\/div>\n\t\t\t\t\t<div id=\"elementor-tab-content-1701\" class=\"elementor-tab-content elementor-clearfix\" data-tab=\"1\" role=\"tabpanel\" aria-labelledby=\"elementor-tab-title-1701\" tabindex=\"0\" hidden=\"false\"><h4>Oberstdorf Haus<\/h4>\n<div>\n<div>\n<div class=\"vk_sh vk_bk\"><span class=\"desktop-title-subcontent\">Prinzregenten Platz-1 (Prinzenstra\u00dfe)<br>87561 Oberstdorf<br><\/span><\/div><div class=\"vk_sh vk_bk\"><span class=\"desktop-title-subcontent\"><br><\/span><\/div>\n<\/div>\n<\/div>\n<h3>Anfahrt mit dem Auto<\/h3>\n<p>Oberstdorf ist ein gr\u00f6\u00dftenteils autofreier Ort, d.h. ein Einfahren mit dem PKW ist nur bedingt m\u00f6glich. Bitte nutzen Sie unsere Kongress-Shuttlebusse.<br>Sollten Sie ein Hotel gebucht haben, k\u00f6nnen Sie ihre Unterkunft selbstverst\u00e4ndlich anfahren.<\/p><\/div>\n\t\t\t\t\t\t\t\t\t<div class=\"elementor-tab-title elementor-tab-mobile-title\" aria-selected=\"false\" data-tab=\"2\" role=\"tab\" tabindex=\"-1\" aria-controls=\"elementor-tab-content-1702\" aria-expanded=\"false\">Parken<\/div>\n\t\t\t\t\t<div id=\"elementor-tab-content-1702\" class=\"elementor-tab-content elementor-clearfix\" data-tab=\"2\" role=\"tabpanel\" aria-labelledby=\"elementor-tab-title-1702\" tabindex=\"0\" hidden=\"hidden\"><h4>Parkplatz P2<\/h4>\n<p>am zweiten Kreisverkehr Ortseingang Oberstodorf<br><br><\/p>\n<h3>Kongress-Shuttlebusse<\/h3>\n<p>Als Tagesbesucheher nutzen Sie bitte am zweiten Kreisverkehr Ortseingang Oberstdorf den Parkplatz P2. Von hier aus fahren in unterschiedlichen Abst\u00e4nden Kongress-Shuttlebusse zum Oberstdorf Haus.<\/p><\/div>\n\t\t\t\t\t\t\t<\/div>\n\t\t<\/div>\n\t\t\t\t<\/div>\n\t\t\t\t<\/div>\n\t\t\t\t\t\t<\/div>\n\t\t\t\t\t<\/div>\n\t\t<\/div>\n\t\t\t\t<div class=\"elementor-column elementor-col-50 elementor-inner-column elementor-element elementor-element-9c1afb5\" data-id=\"9c1afb5\" data-element_type=\"column\">\n\t\t\t<div class=\"elementor-column-wrap elementor-element-populated\">\n\t\t\t\t\t\t\t<div class=\"elementor-widget-wrap\">\n\t\t\t\t\t\t<div class=\"elementor-element elementor-element-0a02ceb elementor-widget elementor-widget-image\" data-id=\"0a02ceb\" data-element_type=\"widget\" data-settings=\"{&quot;ekit_we_effect_on&quot;:&quot;none&quot;}\" data-widget_type=\"image.default\">\n\t\t\t\t<div class=\"elementor-widget-container\">\n\t\t\t\t\t\t\t\t<div class=\"elementor-image\">\n\t\t\t\t\t\t\t\t\t\t\t\t<img decoding=\"async\" src=\"https:\/\/he-bab03.ebau.at\/baufachkongress\/wp-content\/uploads\/elementor\/thumbs\/Parkplatz_P2-pxoy3jnsh42xi2f83woj50pjncrq5gz34y3htsrf9w.png\" title=\"Parkplatz_P2\" alt=\"Parkplatz_P2\" \/>\t\t\t\t\t\t\t\t\t\t\t\t\t\t<\/div>\n\t\t\t\t\t\t<\/div>\n\t\t\t\t<\/div>\n\t\t\t\t<div class=\"elementor-element elementor-element-729120f elementor-align-center elementor-widget elementor-widget-button\" data-id=\"729120f\" data-element_type=\"widget\" data-settings=\"{&quot;ekit_we_effect_on&quot;:&quot;none&quot;}\" data-widget_type=\"button.default\">\n\t\t\t\t<div class=\"elementor-widget-container\">\n\t\t\t\t\t<div class=\"elementor-button-wrapper\">\n\t\t\t<a href=\"https:\/\/www.google.com\/maps\/place\/Parkplatz+P2+mit+G%C3%A4stekarte+Gratis\/@47.4155755,10.2692974,15z\/data=!4m9!1m2!2m1!1sparkplatz+p2+oberstdorf!3m5!1s0x479c9ba50a3adb2b:0x5b85af24aca864d6!8m2!3d47.4135981!4d10.2746113!15sChdwYXJrcGxhdHogcDIgb2JlcnN0ZG9yZloZIhdwYXJrcGxhdHogcDIgb2JlcnN0ZG9yZpIBFHB1YmxpY19wYXJraW5nX3NwYWNlmgEkQ2hkRFNVaE5NRzluUzBWSlEwRm5TVU15Ym05RU16UkJSUkFC4AEA\" target=\"_blank\" class=\"elementor-button-link elementor-button elementor-size-md\" role=\"button\">\n\t\t\t\t\t\t<span class=\"elementor-button-content-wrapper\">\n\t\t\t\t\t\t<span class=\"elementor-button-text\">Google Maps \u00f6ffnen<\/span>\n\t\t<\/span>\n\t\t\t\t\t<\/a>\n\t\t<\/div>\n\t\t\t\t<\/div>\n\t\t\t\t<\/div>\n\t\t\t\t\t\t<\/div>\n\t\t\t\t\t<\/div>\n\t\t<\/div>\n\t\t\t\t\t\t\t\t<\/div>\n\t\t\t\t\t<\/div>\n\t\t<\/section>\n\t\t\t\t\t\t<\/div>\n\t\t\t\t\t<\/div>\n\t\t<\/div>\n\t\t\t\t\t\t\t\t<\/div>\n\t\t\t\t\t<\/div>\n\t\t<\/section>\n\t\t\t\t\t\t\t\t\t<\/div>\n\t\t\t<\/div>\n\t\t\t\t\t<\/div>\n\t\t","protected":false},"excerpt":{"rendered":"<p>17.01 &#8211; 19.01.2024 | Oberstdorf Ausweichtermin: 13.03. &#8211; 15.03.2024 SAVE THE DATE ALLG\u00c4UER BAUFACHKONGRESS 00 Days 00 Hours 00 Minutes 00 Seconds Teilnahme Wieso Sie teilnehmen sollten Nachdem wir den Baufachkongress im Januar 2022 leider absagen musste, freuen wir uns umso mehr, dass wir den 15. Baufachkongress vom 17.01. &#8211; 19.01.2024 nun voller Elan planen [&hellip;]<\/p>\n","protected":false},"author":4,"featured_media":0,"parent":0,"menu_order":0,"comment_status":"closed","ping_status":"closed","template":"template\/homepage-template.php","meta":[],"yoast_head":"<!-- This site is optimized with the Yoast SEO plugin v19.10 - https:\/\/yoast.com\/wordpress\/plugins\/seo\/ -->\n<title>Startseite - Allg\u00e4uer Baufachkongress<\/title>\n<meta name=\"robots\" content=\"noindex, follow, max-snippet:-1, max-image-preview:large, max-video-preview:-1\" \/>\n<meta property=\"og:locale\" content=\"de_DE\" \/>\n<meta property=\"og:type\" content=\"article\" \/>\n<meta property=\"og:title\" content=\"Startseite - Allg\u00e4uer Baufachkongress\" \/>\n<meta property=\"og:description\" content=\"17.01 &#8211; 19.01.2024 | Oberstdorf Ausweichtermin: 13.03. &#8211; 15.03.2024 SAVE THE DATE ALLG\u00c4UER BAUFACHKONGRESS 00 Days 00 Hours 00 Minutes 00 Seconds Teilnahme Wieso Sie teilnehmen sollten Nachdem wir den Baufachkongress im Januar 2022 leider absagen musste, freuen wir uns umso mehr, dass wir den 15. Baufachkongress vom 17.01. &#8211; 19.01.2024 nun voller Elan planen [&hellip;]\" \/>\n<meta property=\"og:url\" content=\"https:\/\/he-bab03.ebau.at\/baufachkongress\/\" \/>\n<meta property=\"og:site_name\" content=\"Allg\u00e4uer Baufachkongress\" \/>\n<meta property=\"article:modified_time\" content=\"2022-12-01T08:29:51+00:00\" \/>\n<meta property=\"og:image\" content=\"https:\/\/he-bab03.ebau.at\/baufachkongress\/wp-content\/uploads\/2018\/12\/speaker1.jpg\" \/>\n<meta name=\"twitter:card\" content=\"summary_large_image\" \/>\n<meta name=\"twitter:label1\" content=\"Gesch\u00e4tzte Lesezeit\" \/>\n\t<meta name=\"twitter:data1\" content=\"19\u00a0Minuten\" \/>\n<script type=\"application\/ld+json\" class=\"yoast-schema-graph\">{\"@context\":\"https:\/\/schema.org\",\"@graph\":[{\"@type\":\"WebPage\",\"@id\":\"https:\/\/he-bab03.ebau.at\/baufachkongress\/\",\"url\":\"https:\/\/he-bab03.ebau.at\/baufachkongress\/\",\"name\":\"Startseite - Allg\u00e4uer Baufachkongress\",\"isPartOf\":{\"@id\":\"https:\/\/he-bab03.ebau.at\/baufachkongress\/#website\"},\"datePublished\":\"2018-12-27T05:04:37+00:00\",\"dateModified\":\"2022-12-01T08:29:51+00:00\",\"breadcrumb\":{\"@id\":\"https:\/\/he-bab03.ebau.at\/baufachkongress\/#breadcrumb\"},\"inLanguage\":\"de\",\"potentialAction\":[{\"@type\":\"ReadAction\",\"target\":[\"https:\/\/he-bab03.ebau.at\/baufachkongress\/\"]}]},{\"@type\":\"BreadcrumbList\",\"@id\":\"https:\/\/he-bab03.ebau.at\/baufachkongress\/#breadcrumb\",\"itemListElement\":[{\"@type\":\"ListItem\",\"position\":1,\"name\":\"Startseite\",\"item\":\"https:\/\/he-bab03.ebau.at\/baufachkongress\/\"},{\"@type\":\"ListItem\",\"position\":2,\"name\":\"Startseite\"}]},{\"@type\":\"WebSite\",\"@id\":\"https:\/\/he-bab03.ebau.at\/baufachkongress\/#website\",\"url\":\"https:\/\/he-bab03.ebau.at\/baufachkongress\/\",\"name\":\"Allg\u00e4uer Baufachkongress\",\"description\":\"\",\"publisher\":{\"@id\":\"https:\/\/he-bab03.ebau.at\/baufachkongress\/#organization\"},\"potentialAction\":[{\"@type\":\"SearchAction\",\"target\":{\"@type\":\"EntryPoint\",\"urlTemplate\":\"https:\/\/he-bab03.ebau.at\/baufachkongress\/?s={search_term_string}\"},\"query-input\":\"required name=search_term_string\"}],\"inLanguage\":\"de\"},{\"@type\":\"Organization\",\"@id\":\"https:\/\/he-bab03.ebau.at\/baufachkongress\/#organization\",\"name\":\"Allg\u00e4uer Baufachkongress\",\"url\":\"https:\/\/he-bab03.ebau.at\/baufachkongress\/\",\"logo\":{\"@type\":\"ImageObject\",\"inLanguage\":\"de\",\"@id\":\"https:\/\/he-bab03.ebau.at\/baufachkongress\/#\/schema\/logo\/image\/\",\"url\":\"https:\/\/he-bab03.ebau.at\/baufachkongress\/wp-content\/uploads\/2022\/11\/Logo_AllgaeuerBaufachkongress-grau.png\",\"contentUrl\":\"https:\/\/he-bab03.ebau.at\/baufachkongress\/wp-content\/uploads\/2022\/11\/Logo_AllgaeuerBaufachkongress-grau.png\",\"width\":300,\"height\":150,\"caption\":\"Allg\u00e4uer Baufachkongress\"},\"image\":{\"@id\":\"https:\/\/he-bab03.ebau.at\/baufachkongress\/#\/schema\/logo\/image\/\"}}]}<\/script>\n<!-- \/ Yoast SEO plugin. -->","yoast_head_json":{"title":"Startseite - Allg\u00e4uer Baufachkongress","robots":{"index":"noindex","follow":"follow","max-snippet":"max-snippet:-1","max-image-preview":"max-image-preview:large","max-video-preview":"max-video-preview:-1"},"og_locale":"de_DE","og_type":"article","og_title":"Startseite - Allg\u00e4uer Baufachkongress","og_description":"17.01 &#8211; 19.01.2024 | Oberstdorf Ausweichtermin: 13.03. &#8211; 15.03.2024 SAVE THE DATE ALLG\u00c4UER BAUFACHKONGRESS 00 Days 00 Hours 00 Minutes 00 Seconds Teilnahme Wieso Sie teilnehmen sollten Nachdem wir den Baufachkongress im Januar 2022 leider absagen musste, freuen wir uns umso mehr, dass wir den 15. Baufachkongress vom 17.01. &#8211; 19.01.2024 nun voller Elan planen [&hellip;]","og_url":"https:\/\/he-bab03.ebau.at\/baufachkongress\/","og_site_name":"Allg\u00e4uer Baufachkongress","article_modified_time":"2022-12-01T08:29:51+00:00","og_image":[{"url":"https:\/\/he-bab03.ebau.at\/baufachkongress\/wp-content\/uploads\/2018\/12\/speaker1.jpg"}],"twitter_card":"summary_large_image","twitter_misc":{"Gesch\u00e4tzte Lesezeit":"19\u00a0Minuten"},"schema":{"@context":"https:\/\/schema.org","@graph":[{"@type":"WebPage","@id":"https:\/\/he-bab03.ebau.at\/baufachkongress\/","url":"https:\/\/he-bab03.ebau.at\/baufachkongress\/","name":"Startseite - Allg\u00e4uer Baufachkongress","isPartOf":{"@id":"https:\/\/he-bab03.ebau.at\/baufachkongress\/#website"},"datePublished":"2018-12-27T05:04:37+00:00","dateModified":"2022-12-01T08:29:51+00:00","breadcrumb":{"@id":"https:\/\/he-bab03.ebau.at\/baufachkongress\/#breadcrumb"},"inLanguage":"de","potentialAction":[{"@type":"ReadAction","target":["https:\/\/he-bab03.ebau.at\/baufachkongress\/"]}]},{"@type":"BreadcrumbList","@id":"https:\/\/he-bab03.ebau.at\/baufachkongress\/#breadcrumb","itemListElement":[{"@type":"ListItem","position":1,"name":"Startseite","item":"https:\/\/he-bab03.ebau.at\/baufachkongress\/"},{"@type":"ListItem","position":2,"name":"Startseite"}]},{"@type":"WebSite","@id":"https:\/\/he-bab03.ebau.at\/baufachkongress\/#website","url":"https:\/\/he-bab03.ebau.at\/baufachkongress\/","name":"Allg\u00e4uer Baufachkongress","description":"","publisher":{"@id":"https:\/\/he-bab03.ebau.at\/baufachkongress\/#organization"},"potentialAction":[{"@type":"SearchAction","target":{"@type":"EntryPoint","urlTemplate":"https:\/\/he-bab03.ebau.at\/baufachkongress\/?s={search_term_string}"},"query-input":"required name=search_term_string"}],"inLanguage":"de"},{"@type":"Organization","@id":"https:\/\/he-bab03.ebau.at\/baufachkongress\/#organization","name":"Allg\u00e4uer Baufachkongress","url":"https:\/\/he-bab03.ebau.at\/baufachkongress\/","logo":{"@type":"ImageObject","inLanguage":"de","@id":"https:\/\/he-bab03.ebau.at\/baufachkongress\/#\/schema\/logo\/image\/","url":"https:\/\/he-bab03.ebau.at\/baufachkongress\/wp-content\/uploads\/2022\/11\/Logo_AllgaeuerBaufachkongress-grau.png","contentUrl":"https:\/\/he-bab03.ebau.at\/baufachkongress\/wp-content\/uploads\/2022\/11\/Logo_AllgaeuerBaufachkongress-grau.png","width":300,"height":150,"caption":"Allg\u00e4uer Baufachkongress"},"image":{"@id":"https:\/\/he-bab03.ebau.at\/baufachkongress\/#\/schema\/logo\/image\/"}}]}},"_links":{"self":[{"href":"https:\/\/he-bab03.ebau.at\/baufachkongress\/wp-json\/wp\/v2\/pages\/10"}],"collection":[{"href":"https:\/\/he-bab03.ebau.at\/baufachkongress\/wp-json\/wp\/v2\/pages"}],"about":[{"href":"https:\/\/he-bab03.ebau.at\/baufachkongress\/wp-json\/wp\/v2\/types\/page"}],"author":[{"embeddable":true,"href":"https:\/\/he-bab03.ebau.at\/baufachkongress\/wp-json\/wp\/v2\/users\/4"}],"replies":[{"embeddable":true,"href":"https:\/\/he-bab03.ebau.at\/baufachkongress\/wp-json\/wp\/v2\/comments?post=10"}],"version-history":[{"count":358,"href":"https:\/\/he-bab03.ebau.at\/baufachkongress\/wp-json\/wp\/v2\/pages\/10\/revisions"}],"predecessor-version":[{"id":2920,"href":"https:\/\/he-bab03.ebau.at\/baufachkongress\/wp-json\/wp\/v2\/pages\/10\/revisions\/2920"}],"wp:attachment":[{"href":"https:\/\/he-bab03.ebau.at\/baufachkongress\/wp-json\/wp\/v2\/media?parent=10"}],"curies":[{"name":"wp","href":"https:\/\/api.w.org\/{rel}","templated":true}]}}